{"id":6940,"date":"2022-03-02T13:31:24","date_gmt":"2022-03-02T18:31:24","guid":{"rendered":"https:\/\/ccicubacanada.org\/?post_type=jetpack-portfolio&#038;p=6940"},"modified":"2023-06-12T08:55:04","modified_gmt":"2023-06-12T12:55:04","slug":"2022-03-14-habana-manana-the-private-business-sector-opens-in-cuba","status":"publish","type":"jetpack-portfolio","link":"https:\/\/ccicubacanada.org\/en\/portfolio\/2022-03-14-habana-manana-the-private-business-sector-opens-in-cuba\/","title":{"rendered":"2022-03-14 Habana Ma\u00f1ana  : The private business sector opens in Cuba"},"content":{"rendered":"\n<p class=\"has-text-align-justify\">As part of the measures announced in the country&#8217;s post-Covid strategy, promoting the development of Cuba&#8217;s non-state sector is among the latest initiatives welcomed with great interest by the Cuban people.<\/p>\n\n\n\n<p class=\"has-text-align-justify\">In the last ten years, several regulatory mechanisms have been perfected to enhance private enterprise. The predominant idea of this process is: &#8220;A necessary economic element for the development of the country&#8221;. In this way, micro, small and medium-sized private enterprises (MSMEs) are making their way into Cuba&#8217;s current business landscape.<\/p>\n\n\n\n<p class=\"has-text-align-justify\">What does the current opening up to small and medium-sized private businesses represent for the Cuban economy?&nbsp;What are the challenges? How important could this crucial and transformative step in the Cuban economy be? What are the business opportunities between Cuban MSMEs and foreign entrepreneurs?<\/p>\n\n\n\n<p class=\"has-text-align-justify\">These and other questions will be answered and analysed during the event thath will be held either <strong>in person<\/strong> or <strong>virtually<\/strong> on Monday March 14, 2022.<\/p>\n\n\n\n<div class=\"wp-block-group\"><div class=\"wp-block-group__inner-container is-layout-flow wp-block-group-is-layout-flow\">\n<p class=\"has-text-align-left\"><strong>Topic <\/strong>: Development of SMBs in Cuba: business opportunities<\/p>\n\n\n\n<p class=\"has-text-align-left\"><strong>Date <\/strong>: Monday March 14, 2022<\/p>\n\n\n\n<p class=\"has-text-align-left\"><strong>Time <\/strong>: 10:00 am to 12:00 pm<\/p>\n\n\n\n<p><strong>Location (in person in La Havana)<\/strong> : Avenida 41 No. 1417, e\/ 14 y 18. Reparto Alturas de Miramar Municipio Playa Provincia de La Habana<\/p>\n\n\n\n<p>If we have enough participants we will also retransmit the event online.<\/p>\n\n\n\n<p><strong>Languages :<\/strong> Mostly in Spanish, but discussions and exchanges can be made in French, English and Spanish with the speaker.<\/p>\n<\/div><\/div>\n\n\n\n<p class=\"has-text-align-justify\"><strong>Speaker<\/strong> : Oniel D\u00edaz Castellano, Cuban entrepreneur, co-founder of Consultora AUGE, an agency specialised in consulting and business management in Cuba<\/p>\n\n\n\n<figure class=\"wp-block-embed is-type-video is-provider-youtube wp-block-embed-youtube wp-embed-aspect-16-9 wp-has-aspect-ratio\"><div class=\"wp-block-embed__wrapper\">\n<span class=\"embed-youtube\" style=\"text-align:center; display: block;\"><iframe loading=\"lazy\" class=\"youtube-player\" width=\"1170\" height=\"659\" src=\"https:\/\/www.youtube.com\/embed\/ONhEF2ipqKQ?version=3&#038;rel=1&#038;showsearch=0&#038;showinfo=1&#038;iv_load_policy=1&#038;fs=1&#038;hl=en-US&#038;autohide=2&#038;wmode=transparent\" allowfullscreen=\"true\" style=\"border:0;\" sandbox=\"allow-scripts allow-same-origin allow-popups allow-presentation allow-popups-to-escape-sandbox\"><\/iframe><\/span>\n<\/div><\/figure>\n\n\n\n<p>The presentation is available in full in the <a href=\"\/zone-membres\" data-type=\"URL\" data-id=\"\/zone-membres\">Member Zone<\/a><\/p>\n\n\n\n<div class=\"wp-block-jetpack-slideshow aligncenter\" data-effect=\"slide\"><div class=\"wp-block-jetpack-slideshow_container swiper-container\"><ul class=\"wp-block-jetpack-slideshow_swiper-wrapper swiper-wrapper\"><li class=\"wp-block-jetpack-slideshow_slide swiper-slide\"><figure><img data-recalc-dims=\"1\" loading=\"lazy\" decoding=\"async\" width=\"1024\" height=\"485\" alt=\"\" class=\"wp-block-jetpack-slideshow_image wp-image-7095\" data-id=\"7095\" src=\"https:\/\/i0.wp.com\/ccicubacanada.org\/wp-content\/uploads\/2022\/03\/20220314_114115.jpg?resize=1024%2C485&#038;quality=89&#038;ssl=1\" srcset=\"https:\/\/i0.wp.com\/ccicubacanada.org\/wp-content\/uploads\/2022\/03\/20220314_114115.jpg?w=1024&amp;quality=89&amp;ssl=1 1024w, https:\/\/i0.wp.com\/ccicubacanada.org\/wp-content\/uploads\/2022\/03\/20220314_114115.jpg?resize=300%2C142&amp;quality=89&amp;ssl=1 300w, https:\/\/i0.wp.com\/ccicubacanada.org\/wp-content\/uploads\/2022\/03\/20220314_114115.jpg?resize=750%2C355&amp;quality=89&amp;ssl=1 750w, https:\/\/i0.wp.com\/ccicubacanada.org\/wp-content\/uploads\/2022\/03\/20220314_114115.jpg?resize=350%2C166&amp;quality=89&amp;ssl=1 350w, https:\/\/i0.wp.com\/ccicubacanada.org\/wp-content\/uploads\/2022\/03\/20220314_114115.jpg?resize=260%2C123&amp;quality=89&amp;ssl=1 260w\" sizes=\"(max-width: 1024px) 100vw, 1024px\" \/><\/figure><\/li><li class=\"wp-block-jetpack-slideshow_slide swiper-slide\"><figure><img data-recalc-dims=\"1\" loading=\"lazy\" decoding=\"async\" width=\"1024\" height=\"485\" alt=\"\" class=\"wp-block-jetpack-slideshow_image wp-image-7105\" data-id=\"7105\" src=\"https:\/\/i0.wp.com\/ccicubacanada.org\/wp-content\/uploads\/2022\/03\/20220314_114150.jpg?resize=1024%2C485&#038;quality=89&#038;ssl=1\" srcset=\"https:\/\/i0.wp.com\/ccicubacanada.org\/wp-content\/uploads\/2022\/03\/20220314_114150.jpg?w=1024&amp;quality=89&amp;ssl=1 1024w, https:\/\/i0.wp.com\/ccicubacanada.org\/wp-content\/uploads\/2022\/03\/20220314_114150.jpg?resize=300%2C142&amp;quality=89&amp;ssl=1 300w, https:\/\/i0.wp.com\/ccicubacanada.org\/wp-content\/uploads\/2022\/03\/20220314_114150.jpg?resize=750%2C355&amp;quality=89&amp;ssl=1 750w, https:\/\/i0.wp.com\/ccicubacanada.org\/wp-content\/uploads\/2022\/03\/20220314_114150.jpg?resize=350%2C166&amp;quality=89&amp;ssl=1 350w, https:\/\/i0.wp.com\/ccicubacanada.org\/wp-content\/uploads\/2022\/03\/20220314_114150.jpg?resize=260%2C123&amp;quality=89&amp;ssl=1 260w\" sizes=\"(max-width: 1024px) 100vw, 1024px\" \/><\/figure><\/li><li class=\"wp-block-jetpack-slideshow_slide swiper-slide\"><figure><img data-recalc-dims=\"1\" loading=\"lazy\" decoding=\"async\" width=\"1024\" height=\"485\" alt=\"\" class=\"wp-block-jetpack-slideshow_image wp-image-7094\" data-id=\"7094\" src=\"https:\/\/i0.wp.com\/ccicubacanada.org\/wp-content\/uploads\/2022\/03\/20220314_115826.jpg?resize=1024%2C485&#038;quality=89&#038;ssl=1\" srcset=\"https:\/\/i0.wp.com\/ccicubacanada.org\/wp-content\/uploads\/2022\/03\/20220314_115826.jpg?w=1024&amp;quality=89&amp;ssl=1 1024w, https:\/\/i0.wp.com\/ccicubacanada.org\/wp-content\/uploads\/2022\/03\/20220314_115826.jpg?resize=300%2C142&amp;quality=89&amp;ssl=1 300w, https:\/\/i0.wp.com\/ccicubacanada.org\/wp-content\/uploads\/2022\/03\/20220314_115826.jpg?resize=750%2C355&amp;quality=89&amp;ssl=1 750w, https:\/\/i0.wp.com\/ccicubacanada.org\/wp-content\/uploads\/2022\/03\/20220314_115826.jpg?resize=350%2C166&amp;quality=89&amp;ssl=1 350w, https:\/\/i0.wp.com\/ccicubacanada.org\/wp-content\/uploads\/2022\/03\/20220314_115826.jpg?resize=260%2C123&amp;quality=89&amp;ssl=1 260w\" sizes=\"(max-width: 1024px) 100vw, 1024px\" \/><\/figure><\/li><li class=\"wp-block-jetpack-slideshow_slide swiper-slide\"><figure><img data-recalc-dims=\"1\" loading=\"lazy\" decoding=\"async\" width=\"1024\" height=\"485\" alt=\"\" class=\"wp-block-jetpack-slideshow_image wp-image-7098\" data-id=\"7098\" src=\"https:\/\/i0.wp.com\/ccicubacanada.org\/wp-content\/uploads\/2022\/03\/20220314_120633.jpg?resize=1024%2C485&#038;quality=89&#038;ssl=1\" srcset=\"https:\/\/i0.wp.com\/ccicubacanada.org\/wp-content\/uploads\/2022\/03\/20220314_120633.jpg?w=1024&amp;quality=89&amp;ssl=1 1024w, https:\/\/i0.wp.com\/ccicubacanada.org\/wp-content\/uploads\/2022\/03\/20220314_120633.jpg?resize=300%2C142&amp;quality=89&amp;ssl=1 300w, https:\/\/i0.wp.com\/ccicubacanada.org\/wp-content\/uploads\/2022\/03\/20220314_120633.jpg?resize=750%2C355&amp;quality=89&amp;ssl=1 750w, https:\/\/i0.wp.com\/ccicubacanada.org\/wp-content\/uploads\/2022\/03\/20220314_120633.jpg?resize=350%2C166&amp;quality=89&amp;ssl=1 350w, https:\/\/i0.wp.com\/ccicubacanada.org\/wp-content\/uploads\/2022\/03\/20220314_120633.jpg?resize=260%2C123&amp;quality=89&amp;ssl=1 260w\" sizes=\"(max-width: 1024px) 100vw, 1024px\" \/><\/figure><\/li><li class=\"wp-block-jetpack-slideshow_slide swiper-slide\"><figure><img data-recalc-dims=\"1\" loading=\"lazy\" decoding=\"async\" width=\"1024\" height=\"485\" alt=\"\" class=\"wp-block-jetpack-slideshow_image wp-image-7103\" data-id=\"7103\" src=\"https:\/\/i0.wp.com\/ccicubacanada.org\/wp-content\/uploads\/2022\/03\/20220314_120528.jpg?resize=1024%2C485&#038;quality=89&#038;ssl=1\" srcset=\"https:\/\/i0.wp.com\/ccicubacanada.org\/wp-content\/uploads\/2022\/03\/20220314_120528.jpg?w=1024&amp;quality=89&amp;ssl=1 1024w, https:\/\/i0.wp.com\/ccicubacanada.org\/wp-content\/uploads\/2022\/03\/20220314_120528.jpg?resize=300%2C142&amp;quality=89&amp;ssl=1 300w, https:\/\/i0.wp.com\/ccicubacanada.org\/wp-content\/uploads\/2022\/03\/20220314_120528.jpg?resize=750%2C355&amp;quality=89&amp;ssl=1 750w, https:\/\/i0.wp.com\/ccicubacanada.org\/wp-content\/uploads\/2022\/03\/20220314_120528.jpg?resize=350%2C166&amp;quality=89&amp;ssl=1 350w, https:\/\/i0.wp.com\/ccicubacanada.org\/wp-content\/uploads\/2022\/03\/20220314_120528.jpg?resize=260%2C123&amp;quality=89&amp;ssl=1 260w\" sizes=\"(max-width: 1024px) 100vw, 1024px\" \/><\/figure><\/li><\/ul><a class=\"wp-block-jetpack-slideshow_button-prev swiper-button-prev swiper-button-white\" role=\"button\"><\/a><a class=\"wp-block-jetpack-slideshow_button-next swiper-button-next swiper-button-white\" role=\"button\"><\/a><a aria-label=\"Pause Slideshow\" class=\"wp-block-jetpack-slideshow_button-pause\" role=\"button\"><\/a><div class=\"wp-block-jetpack-slideshow_pagination swiper-pagination swiper-pagination-white\"><\/div><\/div><\/div>\n\n\n\n<h2 class=\"wp-block-heading\"><strong>Presentations<\/strong><\/h2>\n\n\n<div class=\"rcp_restricted\"><p>&nbsp;<\/p>\n<p>Ce contenu est r\u00e9serv\u00e9 \u00e0 nos membres uniquement. Vous devez vous <a href=\"https:\/\/ccicubacanada.org\/devenir-membre\/\">inscrire<\/a> ou vous <a href=\"https:\/\/ccicubacanada.org\/zone-membres\/\">connecter<\/a> pour acc\u00e9der \u00e0 ce contenu.<\/p>\n<p>--<\/p>\n<p>This content is reserved for our members only. You must <a href=\"https:\/\/ccicubacanada.org\/devenir-membre\/\">register<\/a> or <a href=\"https:\/\/ccicubacanada.org\/zone-membres\/\">log in<\/a> to access this content.<\/p>\n<p>--<\/p>\n<p>Este contenido est\u00e1 reservado para nuestros miembros solamente. Debes <a href=\"https:\/\/ccicubacanada.org\/devenir-membre\/\">registrarte<\/a> o <a href=\"https:\/\/ccicubacanada.org\/zone-membres\/\">iniciar sesi\u00f3n<\/a> para acceder a este contenido.<\/p>\n<p>\n\n\t\n\t<form id=\"rcp_login_form\"  class=\"rcp_form\" method=\"POST\" action=\"https:\/\/ccicubacanada.org\/en\/wp-json\/wp\/v2\/jetpack-portfolio\/6940\/\">\n\n\t\t\n\t\t<fieldset class=\"rcp_login_data\">\n\t\t\t<p>\n\t\t\t\t<label for=\"rcp_user_login\">Username or Email<\/label>\n\t\t\t\t<input name=\"rcp_user_login\" id=\"rcp_user_login\" class=\"required\" type=\"text\"\/>\n\t\t\t<\/p>\n\t\t\t<p>\n\t\t\t\t<label for=\"rcp_user_pass\">Password<\/label>\n\t\t\t\t<input name=\"rcp_user_pass\" id=\"rcp_user_pass\" class=\"required\" type=\"password\"\/>\n\t\t\t<\/p>\n\t\t\t\t\t\t<p>\n\t\t\t\t<input type=\"checkbox\" name=\"rcp_user_remember\" id=\"rcp_user_remember\" value=\"1\"\/>\n\t\t\t\t<label for=\"rcp_user_remember\">Remember me<\/label>\n\t\t\t<\/p>\n\t\t\t<p class=\"rcp_lost_password\"><a href=\"\/en\/wp-json\/wp\/v2\/jetpack-portfolio\/6940?rcp_action=lostpassword\">Lost your password?<\/a><\/p>\n\t\t\t<p>\n\t\t\t\t<input type=\"hidden\" name=\"rcp_action\" value=\"login\"\/>\n\t\t\t\t\t\t\t\t\t<input type=\"hidden\" name=\"rcp_redirect\" value=\"https:\/\/ccicubacanada.org\/en\/wp-json\/wp\/v2\/jetpack-portfolio\/6940\/\"\/>\n\t\t\t\t\t\t\t\t<input type=\"hidden\" name=\"rcp_login_nonce\" value=\"9a786256e2\"\/>\n\t\t\t\t<input id=\"rcp_login_submit\" class=\"rcp-button\" type=\"submit\" value=\"Login\"\/>\n\t\t\t<\/p>\n\t\t\t\t\t<\/fieldset>\n\n\t\t\n\t<\/form>\n<\/p>\n<\/div>\n","protected":false},"excerpt":{"rendered":"<p>As part of the measures announced in the country&#8217;s post-Covid strategy, promoting the development of Cuba&#8217;s non-state sector is among the latest initiatives welcomed with great interest by the Cuban people. In the last ten years, several regulatory mechanisms have been perfected to enhance private enterprise. The predominant idea of this process is: &#8220;A necessary [&hellip;]<\/p>\n","protected":false},"author":382,"featured_media":6924,"comment_status":"closed","ping_status":"closed","template":"","format":"standard","meta":{"_themeisle_gutenberg_block_has_review":false,"footnotes":""},"jetpack-portfolio-type":[],"jetpack-portfolio-tag":[],"class_list":["post-6940","jetpack-portfolio","type-jetpack-portfolio","status-publish","format-standard","has-post-thumbnail","hentry"],"jetpack-related-posts":[{"id":6172,"url":"https:\/\/ccicubacanada.org\/en\/portfolio\/2018-11-22-corim-ccicc-conference-montreal-cuba-quebec-working-together-for-strong-business-and-commercial-relations\/","url_meta":{"origin":6940,"position":0},"title":"2018-11-22 CORIM-CCICC Conference &#8211; Montr\u00e9al &#8211; Cuba-Qu\u00e9bec: working together for strong business and commercial relations","author":"Cyril Arnaud","date":"April 13, 2021","format":false,"excerpt":"We saw an increase of more than 20% in trade between our two countries last year and yet another 20% this year. Rodrigo Malmierca https:\/\/www.corim.qc.ca\/en\/event\/834\/2018-11-22-rodrigo-malmierca Summary of the conference (initially published by CORIM) : Minister Malmierca presented the update of the Cuban economic model, which involves a series of constitutional\u2026","rel":"","context":"Similar post","block_context":{"text":"Similar post","link":""},"img":{"alt_text":"","src":"https:\/\/i0.wp.com\/ccicubacanada.org\/wp-content\/uploads\/2018\/11\/DFH_9176.jpg?resize=350%2C200&quality=89","width":350,"height":200,"srcset":"https:\/\/i0.wp.com\/ccicubacanada.org\/wp-content\/uploads\/2018\/11\/DFH_9176.jpg?resize=350%2C200&quality=89 1x, https:\/\/i0.wp.com\/ccicubacanada.org\/wp-content\/uploads\/2018\/11\/DFH_9176.jpg?resize=525%2C300&quality=89 1.5x, https:\/\/i0.wp.com\/ccicubacanada.org\/wp-content\/uploads\/2018\/11\/DFH_9176.jpg?resize=700%2C400&quality=89 2x"},"classes":[]},{"id":6306,"url":"https:\/\/ccicubacanada.org\/en\/portfolio\/2017-08-11-fit-cuba-2016-canada-was-guest-country-of-honour\/","url_meta":{"origin":6940,"position":1},"title":"2017-08-11 FIT Cuba 2016 &#8211; Canada was guest country of honour","author":"Cyril Arnaud","date":"April 13, 2021","format":false,"excerpt":"On May 3, 2016, The Honourable Bardish Chagger, Minister of Small Business and Tourism, attended the FIT Cuba 2016, Cuba's international tourism fair, which recognized Canada as this year's guest country of honour. During her visit, honorable Chagger met with Cuban government officials and representatives of Canadian small and medium-sized\u2026","rel":"","context":"Similar post","block_context":{"text":"Similar post","link":""},"img":{"alt_text":"","src":"https:\/\/i0.wp.com\/ccicubacanada.org\/wp-content\/uploads\/2016\/06\/IMG_7930.jpg?resize=350%2C200&quality=89","width":350,"height":200,"srcset":"https:\/\/i0.wp.com\/ccicubacanada.org\/wp-content\/uploads\/2016\/06\/IMG_7930.jpg?resize=350%2C200&quality=89 1x, https:\/\/i0.wp.com\/ccicubacanada.org\/wp-content\/uploads\/2016\/06\/IMG_7930.jpg?resize=525%2C300&quality=89 1.5x"},"classes":[]},{"id":6263,"url":"https:\/\/ccicubacanada.org\/en\/portfolio\/2017-04-10-cuban-commercial-mission-transport-industry\/","url_meta":{"origin":6940,"position":2},"title":"2017-04-10 Cuban Commercial Mission &#8211; Transport Industry","author":"Cyril Arnaud","date":"April 13, 2021","format":false,"excerpt":"The Chamber of Commerce and Industry Canada Cuba and Quebec Ministry of Economy , Science and Innovation, will welcome the 9 to 15 April , a large delegation of Cuban leaders in the transportation industry, which will be composed of representatives from the Ministry of Transport and major companies related\u2026","rel":"","context":"Similar post","block_context":{"text":"Similar post","link":""},"img":{"alt_text":"","src":"https:\/\/i0.wp.com\/ccicubacanada.org\/wp-content\/uploads\/2017\/03\/DFG_3507-2.jpg?fit=650%2C322&quality=89&ssl=1&resize=350%2C200","width":350,"height":200,"srcset":"https:\/\/i0.wp.com\/ccicubacanada.org\/wp-content\/uploads\/2017\/03\/DFG_3507-2.jpg?fit=650%2C322&quality=89&ssl=1&resize=350%2C200 1x, https:\/\/i0.wp.com\/ccicubacanada.org\/wp-content\/uploads\/2017\/03\/DFG_3507-2.jpg?fit=650%2C322&quality=89&ssl=1&resize=525%2C300 1.5x"},"classes":[]},{"id":7275,"url":"https:\/\/ccicubacanada.org\/en\/portfolio\/2022-11-14-fihav-2022-the-havana-international-fair\/","url_meta":{"origin":6940,"position":3},"title":"2022-11-14 FIHAV 2022: The Havana International Fair","author":"sarah-lee","date":"August 26, 2022","format":false,"excerpt":"Several trade fairs are held every year in Havana, but none of them is as impactful as FIHAV. This is why we encourage you to participate in the XXVI Edition of the Havana International Fair, which is the most representative fair in the Caribbean and Latin America. For 5 days,\u2026","rel":"","context":"Similar post","block_context":{"text":"Similar post","link":""},"img":{"alt_text":"","src":"https:\/\/i0.wp.com\/img.youtube.com\/vi\/MCNgz8sUkFY\/0.jpg?resize=350%2C200&quality=89","width":350,"height":200},"classes":[]},{"id":6201,"url":"https:\/\/ccicubacanada.org\/en\/portfolio\/2018-06-28-discussion-meeting-about-the-financial-sector-havana\/","url_meta":{"origin":6940,"position":4},"title":"2018-06-28 Discussion meeting about the financial sector  &#8211; Havana","author":"Cyril Arnaud","date":"April 13, 2021","format":false,"excerpt":"As part of the preparations for the next\u00a0Cuban commercial mission for the financial sector, we organized a discussion meeting in Havana to complete the chart outlining the situation of trade financing with Cuba. More than 15 company representatives from 4 Canadian provinces were present at the Havana offices to discuss\u2026","rel":"","context":"Similar post","block_context":{"text":"Similar post","link":""},"img":{"alt_text":"","src":"https:\/\/i0.wp.com\/ccicubacanada.org\/wp-content\/uploads\/2018\/06\/IMG_20180628_100917.jpg?fit=1024%2C768&quality=89&ssl=1&resize=350%2C200","width":350,"height":200,"srcset":"https:\/\/i0.wp.com\/ccicubacanada.org\/wp-content\/uploads\/2018\/06\/IMG_20180628_100917.jpg?fit=1024%2C768&quality=89&ssl=1&resize=350%2C200 1x, https:\/\/i0.wp.com\/ccicubacanada.org\/wp-content\/uploads\/2018\/06\/IMG_20180628_100917.jpg?fit=1024%2C768&quality=89&ssl=1&resize=525%2C300 1.5x, https:\/\/i0.wp.com\/ccicubacanada.org\/wp-content\/uploads\/2018\/06\/IMG_20180628_100917.jpg?fit=1024%2C768&quality=89&ssl=1&resize=700%2C400 2x"},"classes":[]},{"id":6253,"url":"https:\/\/ccicubacanada.org\/en\/portfolio\/2017-04-12-cuban-commercial-mission-transport-industry-conference\/","url_meta":{"origin":6940,"position":5},"title":"2017-04-12 Cuban Commercial Mission &#8211; Transport Industry &#8211; Conference","author":"Cyril Arnaud","date":"April 13, 2021","format":false,"excerpt":"The Chamber of Commerce and Industry Canada Cuba and Quebec Ministry of Economy , Science and Innovation, will welcome the 9 to 15 April , a large delegation of Cuban leaders in the transportation industry, which will be composed of representatives from the Ministry of Transport and major companies related\u2026","rel":"","context":"Similar post","block_context":{"text":"Similar post","link":""},"img":{"alt_text":"","src":"https:\/\/i0.wp.com\/ccicubacanada.org\/wp-content\/uploads\/2017\/03\/DFG_3548.jpg?fit=650%2C434&quality=89&ssl=1&resize=350%2C200","width":350,"height":200,"srcset":"https:\/\/i0.wp.com\/ccicubacanada.org\/wp-content\/uploads\/2017\/03\/DFG_3548.jpg?fit=650%2C434&quality=89&ssl=1&resize=350%2C200 1x, https:\/\/i0.wp.com\/ccicubacanada.org\/wp-content\/uploads\/2017\/03\/DFG_3548.jpg?fit=650%2C434&quality=89&ssl=1&resize=525%2C300 1.5x"},"classes":[]}],"jetpack_sharing_enabled":true,"_links":{"self":[{"href":"https:\/\/ccicubacanada.org\/en\/wp-json\/wp\/v2\/jetpack-portfolio\/6940","targetHints":{"allow":["GET"]}}],"collection":[{"href":"https:\/\/ccicubacanada.org\/en\/wp-json\/wp\/v2\/jetpack-portfolio"}],"about":[{"href":"https:\/\/ccicubacanada.org\/en\/wp-json\/wp\/v2\/types\/jetpack-portfolio"}],"author":[{"embeddable":true,"href":"https:\/\/ccicubacanada.org\/en\/wp-json\/wp\/v2\/users\/382"}],"replies":[{"embeddable":true,"href":"https:\/\/ccicubacanada.org\/en\/wp-json\/wp\/v2\/comments?post=6940"}],"version-history":[{"count":2,"href":"https:\/\/ccicubacanada.org\/en\/wp-json\/wp\/v2\/jetpack-portfolio\/6940\/revisions"}],"predecessor-version":[{"id":7542,"href":"https:\/\/ccicubacanada.org\/en\/wp-json\/wp\/v2\/jetpack-portfolio\/6940\/revisions\/7542"}],"wp:featuredmedia":[{"embeddable":true,"href":"https:\/\/ccicubacanada.org\/en\/wp-json\/wp\/v2\/media\/6924"}],"wp:attachment":[{"href":"https:\/\/ccicubacanada.org\/en\/wp-json\/wp\/v2\/media?parent=6940"}],"wp:term":[{"taxonomy":"jetpack-portfolio-type","embeddable":true,"href":"https:\/\/ccicubacanada.org\/en\/wp-json\/wp\/v2\/jetpack-portfolio-type?post=6940"},{"taxonomy":"jetpack-portfolio-tag","embeddable":true,"href":"https:\/\/ccicubacanada.org\/en\/wp-json\/wp\/v2\/jetpack-portfolio-tag?post=6940"}],"curies":[{"name":"wp","href":"https:\/\/api.w.org\/{rel}","templated":true}]}}