{"id":191,"date":"2016-02-18T11:17:26","date_gmt":"2016-02-18T16:17:26","guid":{"rendered":"https:\/\/ccicubacanada.org\/?page_id=191"},"modified":"2023-08-25T13:04:31","modified_gmt":"2023-08-25T17:04:31","slug":"consejo-de-administracion","status":"publish","type":"page","link":"https:\/\/ccicubacanada.org\/es\/sobre-nosotros\/consejo-de-administracion\/","title":{"rendered":"Consejo de Administraci\u00f3n"},"content":{"rendered":"<div id=\"pl-191\"  class=\"panel-layout\" ><div id=\"pg-191-0\"  class=\"panel-grid panel-no-style\" ><div id=\"pgc-191-0-0\"  class=\"panel-grid-cell\" ><div id=\"panel-191-0-0-0\" class=\"so-panel widget widget_sow-editor panel-first-child\" data-index=\"0\" ><div class=\"panel-widget-style panel-widget-style-for-191-0-0-0\" ><div\n\t\t\t\n\t\t\tclass=\"so-widget-sow-editor so-widget-sow-editor-base\"\n\t\t\t\n\t\t><h3 class=\"widget-title\">Nancy Lussier, Presidenta<\/h3>\n<div class=\"siteorigin-widget-tinymce textwidget\">\n\t<p><img data-recalc-dims=\"1\" loading=\"lazy\" decoding=\"async\" class=\"size-full wp-image-2176 alignleft\" src=\"https:\/\/i0.wp.com\/ccicubacanada.org\/wp-content\/uploads\/2017\/08\/nancy.jpg?resize=99%2C133&#038;quality=89&#038;ssl=1\" alt=\"\" width=\"99\" height=\"133\" \/>La Sra. Nancy Lussier, miembro fundadora de la CCICC, comenz\u00f3 su carrera en el campo de la exportaci\u00f3n, primero en el sector mar\u00edtimo, luego en Terracam, una subsidiaria del Grupo Lussier, especializada en la exportaci\u00f3n de veh\u00edculos pesados, piezas y componentes de equipos de transporte. El Grupo Lussier es una empresa familiar con m\u00e1s de 450 empleados, con sede en Quebec desde 1967, y que ha estado a la vanguardia en las ventas de piezas nuevas y recicladas para trabajos pesados \u200b\u200ben Am\u00e9rica del Norte. Hoy, como vicepresidenta de Terracam, la Sra. Lussier administra todas las operaciones, el seguimiento y la negociaci\u00f3n de contratos, as\u00ed como los problemas de financiamiento de las exportaciones. Su experiencia principal es en el mercado cubano, donde Terracam ha estado activo durante m\u00e1s de 25 a\u00f1os. La miembro fundadora de la CCICC, ha sido presidenta desde abril de 2016 y ha dirigido varias misiones comerciales con l\u00edderes pol\u00edticos y comerciales de alto nivel de Cuba y de Quebec.<\/p>\n<h3><\/h3>\n<\/div>\n<\/div><\/div><\/div><div id=\"panel-191-0-0-1\" class=\"so-panel widget widget_sow-editor\" data-index=\"1\" ><div class=\"panel-widget-style panel-widget-style-for-191-0-0-1\" ><div\n\t\t\t\n\t\t\tclass=\"so-widget-sow-editor so-widget-sow-editor-base\"\n\t\t\t\n\t\t><h3 class=\"widget-title\">Antoine Lajoie,\u00a0Secretario<\/h3>\n<div class=\"siteorigin-widget-tinymce textwidget\">\n\t<p><img data-recalc-dims=\"1\" loading=\"lazy\" decoding=\"async\" class=\"size-full wp-image-2201 alignleft\" src=\"https:\/\/i0.wp.com\/ccicubacanada.org\/wp-content\/uploads\/2016\/02\/Antoine-modifie.jpg?resize=99%2C125&#038;quality=89&#038;ssl=1\" alt=\"\" width=\"99\" height=\"125\" \/>Antoine Lajoie, miembro de la Asociaci\u00f3n de Analistas Financieros (CFA, por sus siglas en ingl\u00e9s), cuenta con m\u00e1s de veinte a\u00f1os de experiencia en la soluci\u00f3n de gesti\u00f3n de riesgo financiero para empresas que comercian a nivel internacional. Su experiencia en la gesti\u00f3n de riesgos relacionados con divisas, tasas de inter\u00e9s y materias primas le permite ofrecer soluciones efectivas para que cada transacci\u00f3n de sus clientes sea rentable.<\/p>\n<p>Decidido, excelente comunicador y profesional, ha adquirido una s\u00f3lida experiencia a lo largo de su trayectoria profesional en el Banco Nacional. En el desempe\u00f1o de sus funciones, pudo comprender y analizar la realidad de miles de empresas de diferentes tama\u00f1os y diferentes sectores de actividad. Antoine Lajoie se distingue por un enfoque estructurado en la gesti\u00f3n de riesgos financieros que le permite brindar a sus clientes una estrategia adaptada a su realidad.<\/p>\n<\/div>\n<\/div><\/div><\/div><div id=\"panel-191-0-0-2\" class=\"so-panel widget widget_sow-editor\" data-index=\"2\" ><div class=\"panel-widget-style panel-widget-style-for-191-0-0-2\" ><div\n\t\t\t\n\t\t\tclass=\"so-widget-sow-editor so-widget-sow-editor-base\"\n\t\t\t\n\t\t><h3 class=\"widget-title\">Ariel P\u00e9rez<\/h3>\n<div class=\"siteorigin-widget-tinymce textwidget\">\n\t<p><img data-recalc-dims=\"1\" loading=\"lazy\" decoding=\"async\" class=\"wp-image-2338 size-thumbnail alignleft\" src=\"https:\/\/i0.wp.com\/ccicubacanada.org\/wp-content\/uploads\/2016\/02\/Ariel.jpg?resize=150%2C150&#038;quality=89&#038;ssl=1\" alt=\"\" width=\"150\" height=\"150\" srcset=\"https:\/\/i0.wp.com\/ccicubacanada.org\/wp-content\/uploads\/2016\/02\/Ariel.jpg?resize=150%2C150&amp;quality=89&amp;ssl=1 150w, https:\/\/i0.wp.com\/ccicubacanada.org\/wp-content\/uploads\/2016\/02\/Ariel.jpg?resize=400%2C400&amp;quality=89&amp;ssl=1 400w, https:\/\/i0.wp.com\/ccicubacanada.org\/wp-content\/uploads\/2016\/02\/Ariel.jpg?resize=250%2C250&amp;quality=89&amp;ssl=1 250w, https:\/\/i0.wp.com\/ccicubacanada.org\/wp-content\/uploads\/2016\/02\/Ariel.jpg?resize=75%2C75&amp;quality=89&amp;ssl=1 75w, https:\/\/i0.wp.com\/ccicubacanada.org\/wp-content\/uploads\/2016\/02\/Ariel.jpg?zoom=2&amp;resize=150%2C150&amp;quality=89&amp;ssl=1 300w, https:\/\/i0.wp.com\/ccicubacanada.org\/wp-content\/uploads\/2016\/02\/Ariel.jpg?zoom=3&amp;resize=150%2C150&amp;quality=89&amp;ssl=1 450w\" sizes=\"auto, (max-width: 150px) 100vw, 150px\" \/>Miembro fundador de la CCICC, CEO de Turqu\u00ed Solutions, una compa\u00f1\u00eda de soluciones de TI y cofundador de Obrador S.E.N.C., una empresa cultural dedicada a la promoci\u00f3n y comercializaci\u00f3n de las creaciones de artistas cubanos que actualmente cuenta con una galer\u00eda de arte y una editorial. Se gradu\u00f3 de la Universidad Central de Las Villas, Cuba. Se interesa por el arte y la literatura en el contexto de las nuevas tecnolog\u00edas.<\/p>\n<\/div>\n<\/div><\/div><\/div><div id=\"panel-191-0-0-3\" class=\"so-panel widget widget_sow-editor\" data-index=\"3\" ><div class=\"panel-widget-style panel-widget-style-for-191-0-0-3\" ><div\n\t\t\t\n\t\t\tclass=\"so-widget-sow-editor so-widget-sow-editor-base\"\n\t\t\t\n\t\t><h3 class=\"widget-title\">Yaikel \u00c1guila Camacho<\/h3>\n<div class=\"siteorigin-widget-tinymce textwidget\">\n\t<p><img data-recalc-dims=\"1\" loading=\"lazy\" decoding=\"async\" class=\"wp-image-5242  alignleft\" src=\"https:\/\/i0.wp.com\/ccicubacanada.org\/wp-content\/uploads\/2019\/11\/YaikelAguila.jpg?resize=155%2C157&#038;quality=89&#038;ssl=1\" alt=\"\" width=\"155\" height=\"157\" srcset=\"https:\/\/i0.wp.com\/ccicubacanada.org\/wp-content\/uploads\/2019\/11\/YaikelAguila.jpg?w=197&amp;quality=89&amp;ssl=1 197w, https:\/\/i0.wp.com\/ccicubacanada.org\/wp-content\/uploads\/2019\/11\/YaikelAguila.jpg?resize=75%2C75&amp;quality=89&amp;ssl=1 75w\" sizes=\"auto, (max-width: 155px) 100vw, 155px\" \/><\/p>\n<p>Yaikel \u00c1guila ha creado varias empresas, entre ellas Obrador en Canad\u00e1 y Casa Obrador en Santa Clara, Cuba.<br \/>\nPresidente y cofundador de Obrador, una compa\u00f1\u00eda canadiense creada en 2011, especializada en artes visuales y literatura cubana, con una galer\u00eda de arte y una editorial.\u00a0 Editora literaria, fundadora del grupo Vitrales Altazor, estudi\u00f3 Historia Social de la Literatura y el Arte, Relaciones P\u00fablicas, Marketing y Negociaci\u00f3n, y Relaciones Internacionales.<\/p>\n<\/div>\n<\/div><\/div><\/div><div id=\"panel-191-0-0-4\" class=\"so-panel widget widget_sow-editor\" data-index=\"4\" ><div class=\"panel-widget-style panel-widget-style-for-191-0-0-4\" ><div\n\t\t\t\n\t\t\tclass=\"so-widget-sow-editor so-widget-sow-editor-base\"\n\t\t\t\n\t\t><h3 class=\"widget-title\">Fr\u00e9d\u00e9ric Jondreville<\/h3>\n<div class=\"siteorigin-widget-tinymce textwidget\">\n\t<p><img data-recalc-dims=\"1\" loading=\"lazy\" decoding=\"async\" class=\"wp-image-2496 size-thumbnail alignleft\" src=\"https:\/\/i0.wp.com\/ccicubacanada.org\/wp-content\/uploads\/2016\/02\/frederic.jpg?resize=150%2C150&#038;quality=89&#038;ssl=1\" alt=\"\" width=\"150\" height=\"150\" srcset=\"https:\/\/i0.wp.com\/ccicubacanada.org\/wp-content\/uploads\/2016\/02\/frederic.jpg?resize=150%2C150&amp;quality=89&amp;ssl=1 150w, https:\/\/i0.wp.com\/ccicubacanada.org\/wp-content\/uploads\/2016\/02\/frederic.jpg?resize=300%2C300&amp;quality=89&amp;ssl=1 300w, https:\/\/i0.wp.com\/ccicubacanada.org\/wp-content\/uploads\/2016\/02\/frederic.jpg?resize=350%2C350&amp;quality=89&amp;ssl=1 350w, https:\/\/i0.wp.com\/ccicubacanada.org\/wp-content\/uploads\/2016\/02\/frederic.jpg?resize=260%2C260&amp;quality=89&amp;ssl=1 260w, https:\/\/i0.wp.com\/ccicubacanada.org\/wp-content\/uploads\/2016\/02\/frederic.jpg?resize=400%2C400&amp;quality=89&amp;ssl=1 400w, https:\/\/i0.wp.com\/ccicubacanada.org\/wp-content\/uploads\/2016\/02\/frederic.jpg?resize=250%2C250&amp;quality=89&amp;ssl=1 250w, https:\/\/i0.wp.com\/ccicubacanada.org\/wp-content\/uploads\/2016\/02\/frederic.jpg?resize=75%2C75&amp;quality=89&amp;ssl=1 75w, https:\/\/i0.wp.com\/ccicubacanada.org\/wp-content\/uploads\/2016\/02\/frederic.jpg?w=450&amp;quality=89&amp;ssl=1 450w\" sizes=\"auto, (max-width: 150px) 100vw, 150px\" \/><br \/>\nEl Sr. Jondreville desarrolla proyectos en el campo del transporte a\u00e9reo en Cuba. Comenz\u00f3 su empresa con la CCICC y ha pasado por todas las etapas de creaci\u00f3n de negocios y desarrollo de mercado con Cuba.<\/p>\n<\/div>\n<\/div><\/div><\/div><div id=\"panel-191-0-0-5\" class=\"so-panel widget widget_sow-editor\" data-index=\"5\" ><div class=\"panel-widget-style panel-widget-style-for-191-0-0-5\" ><div\n\t\t\t\n\t\t\tclass=\"so-widget-sow-editor so-widget-sow-editor-base\"\n\t\t\t\n\t\t><h3 class=\"widget-title\">Octavio Nodarse<\/h3>\n<div class=\"siteorigin-widget-tinymce textwidget\">\n\t<p><img data-recalc-dims=\"1\" loading=\"lazy\" decoding=\"async\" class=\"wp-image-2498 size-full alignleft\" src=\"https:\/\/i0.wp.com\/ccicubacanada.org\/wp-content\/uploads\/2016\/02\/octavio.jpg?resize=142%2C142&#038;quality=89&#038;ssl=1\" alt=\"\" width=\"142\" height=\"142\" srcset=\"https:\/\/i0.wp.com\/ccicubacanada.org\/wp-content\/uploads\/2016\/02\/octavio.jpg?w=142&amp;quality=89&amp;ssl=1 142w, https:\/\/i0.wp.com\/ccicubacanada.org\/wp-content\/uploads\/2016\/02\/octavio.jpg?resize=75%2C75&amp;quality=89&amp;ssl=1 75w\" sizes=\"auto, (max-width: 142px) 100vw, 142px\" \/><\/p>\n<p>Nacido en Cuba, y residente de Quebec desde 2007, el Sr. Nodarse es ingeniero mec\u00e1nico y trabaja en comercio internacional desde 1991. Desde 2012, el Sr. Nodarse es responsable de las actividades con Cuba de REITER PETROLEUM.<\/p>\n<\/div>\n<\/div><\/div><\/div><div id=\"panel-191-0-0-6\" class=\"so-panel widget widget_sow-editor\" data-index=\"6\" ><div class=\"panel-widget-style panel-widget-style-for-191-0-0-6\" ><div\n\t\t\t\n\t\t\tclass=\"so-widget-sow-editor so-widget-sow-editor-base\"\n\t\t\t\n\t\t><h3 class=\"widget-title\">Carlo de Benedictis<\/h3>\n<div class=\"siteorigin-widget-tinymce textwidget\">\n\t<p><img data-recalc-dims=\"1\" loading=\"lazy\" decoding=\"async\" class=\"wp-image-5240 alignleft\" src=\"https:\/\/i0.wp.com\/ccicubacanada.org\/wp-content\/uploads\/2019\/11\/CarloDeBenedictis-e1574356972260.png?resize=154%2C135&#038;quality=80&#038;ssl=1\" alt=\"\" width=\"154\" height=\"135\" \/><\/p>\n<p>Carlo de Benedictis es el principal representante de Scotiabank en Cuba. Es un l\u00edder multiling\u00fce con m\u00e1s de 20 a\u00f1os de experiencia internacional en banca y finanzas corporativas. Cuenta con una amplia experiencia en Scotiabank por m\u00e1s de 13 a\u00f1os.<\/p>\n<\/div>\n<\/div><\/div><\/div><div id=\"panel-191-0-0-7\" class=\"so-panel widget widget_sow-editor panel-last-child\" data-index=\"7\" ><div class=\"panel-widget-style panel-widget-style-for-191-0-0-7\" ><div\n\t\t\t\n\t\t\tclass=\"so-widget-sow-editor so-widget-sow-editor-base\"\n\t\t\t\n\t\t><h3 class=\"widget-title\">Paul Colto<\/h3>\n<div class=\"siteorigin-widget-tinymce textwidget\">\n\t<p><img data-recalc-dims=\"1\" loading=\"lazy\" decoding=\"async\" class=\"wp-image-5243 alignleft\" src=\"https:\/\/i0.wp.com\/ccicubacanada.org\/wp-content\/uploads\/2019\/11\/PaulColto.jpg?resize=162%2C162&#038;quality=89&#038;ssl=1\" alt=\"\" width=\"162\" height=\"162\" srcset=\"https:\/\/i0.wp.com\/ccicubacanada.org\/wp-content\/uploads\/2019\/11\/PaulColto.jpg?w=200&amp;quality=89&amp;ssl=1 200w, https:\/\/i0.wp.com\/ccicubacanada.org\/wp-content\/uploads\/2019\/11\/PaulColto.jpg?resize=150%2C150&amp;quality=89&amp;ssl=1 150w, https:\/\/i0.wp.com\/ccicubacanada.org\/wp-content\/uploads\/2019\/11\/PaulColto.jpg?resize=75%2C75&amp;quality=89&amp;ssl=1 75w\" sizes=\"auto, (max-width: 162px) 100vw, 162px\" \/><\/p>\n<p>Paul Colto es Representante Comercial de Cayer Construction Inc., empresa localizada en Ottawa, del sector de la construcci\u00f3n y la exportaci\u00f3n de materiales de construcci\u00f3n a Cuba. Durante 3 a\u00f1os, Cayer Construction ha participado en varias misiones comerciales a Cuba y ha desarrollado relaciones comerciales con empresas cubanas activas en el campo de la construcci\u00f3n. En estrecha colaboraci\u00f3n con el presidente de la compa\u00f1\u00eda, el Sr. Jules Cayer, el Sr. Colto ha participado activamente en exportaciones de materiales de construcci\u00f3n a Cuba.<\/p>\n<\/div>\n<\/div><\/div><\/div><\/div><\/div><\/div>","protected":false},"excerpt":{"rendered":"<p>La Sra. Nancy Lussier, miembro fundadora de la CCICC, comenz\u00f3 su carrera en el campo de la exportaci\u00f3n, primero en el sector mar\u00edtimo, luego en Terracam, una subsidiaria del Grupo Lussier, especializada en la exportaci\u00f3n de veh\u00edculos pesados, piezas y componentes de equipos de transporte. El Grupo Lussier es una empresa familiar con m\u00e1s de [&hellip;]<\/p>\n","protected":false},"author":1,"featured_media":0,"parent":177,"menu_order":0,"comment_status":"closed","ping_status":"closed","template":"","meta":{"_themeisle_gutenberg_block_has_review":false,"footnotes":""},"class_list":["post-191","page","type-page","status-publish","hentry"],"jetpack-related-posts":[{"id":159,"url":"https:\/\/ccicubacanada.org\/a-propos\/conseil-dadministration\/","url_meta":{"origin":191,"position":0},"title":"Conseil d&#8217;administration","author":"Cyril Arnaud","date":"febrero 18, 2016","format":false,"excerpt":"Nancy Lussier, Pr\u00e9sidente Mme. Lussier, membre fondateur de la CCICC, a commenc\u00e9 sa carri\u00e8re dans le domaine de l\u2019exportation, tout d\u2019abord dans le secteur maritime, puis chez Terracam, filiale du Groupe Lussier, sp\u00e9cialis\u00e9e dans l\u2019exportation de v\u00e9hicules lourds, de pi\u00e8ces et de composantes d\u2019\u00e9quipements de Transport. Le Groupe Lussier est\u2026","rel":"","context":"Entrada similar","block_context":{"text":"Entrada similar","link":""},"img":{"alt_text":"","src":"https:\/\/i0.wp.com\/ccicubacanada.org\/wp-content\/uploads\/2017\/08\/nancy.jpg?resize=350%2C200&quality=89&ssl=1","width":350,"height":200},"classes":[]},{"id":180,"url":"https:\/\/ccicubacanada.org\/en\/about-us\/board-of-administrators\/","url_meta":{"origin":191,"position":1},"title":"Board of Administrators","author":"Cyril Arnaud","date":"febrero 18, 2016","format":false,"excerpt":"Nancy Lussier, President Ms. Lussier, founding member of the CCICC, began her career in the export field, first in the maritime sector, then at Terracam, a subsidiary of the Lussier Group, specialized in the export of heavy vehicles, parts and components of transport equipment. The Lussier Group is a family-owned\u2026","rel":"","context":"Entrada similar","block_context":{"text":"Entrada similar","link":""},"img":{"alt_text":"","src":"https:\/\/i0.wp.com\/ccicubacanada.org\/wp-content\/uploads\/2017\/08\/nancy.jpg?resize=350%2C200&quality=89&ssl=1","width":350,"height":200},"classes":[]},{"id":5959,"url":"https:\/\/ccicubacanada.org\/es\/hazte-miembro\/","url_meta":{"origin":191,"position":2},"title":"Hazte miembro","author":"Cyril Arnaud","date":"enero 17, 2021","format":false,"excerpt":"La C\u00e1mara de Comercio ofrece tres tipos de afiliaci\u00f3n, en funci\u00f3n de su situaci\u00f3n personal. Estudiante - 80 d\u00f3lares Para estudiantes interesados en aprender m\u00e1s sobre el desarrollo de negocios entre Canad\u00e1 y Cuba. Empresa - 250 d\u00f3lares Para las empresas que se toman en serio su desarrollo entre Canad\u00e1\u2026","rel":"","context":"Entrada similar","block_context":{"text":"Entrada similar","link":""},"img":{"alt_text":"","src":"","width":0,"height":0},"classes":[]},{"id":20,"url":"https:\/\/ccicubacanada.org\/es\/","url_meta":{"origin":191,"position":3},"title":"Inicio","author":"Cyril Arnaud","date":"febrero 16, 2016","format":false,"excerpt":"La CCICC cuenta entre sus miembros con una red diversa de empresarios multiling\u00fces provenientes de m\u00faltiples sectores de la econom\u00eda tales como la industria, la agricultura, el transporte, el turismo, la construcci\u00f3n, las comunicaciones, la tecnolog\u00eda, el comercio, la educaci\u00f3n, las investigaciones y el medio ambiente interesados en fomentar las\u2026","rel":"","context":"Entrada similar","block_context":{"text":"Entrada similar","link":""},"img":{"alt_text":"","src":"","width":0,"height":0},"classes":[]},{"id":177,"url":"https:\/\/ccicubacanada.org\/es\/sobre-nosotros\/","url_meta":{"origin":191,"position":4},"title":"Qui\u00e9nes Somos","author":"Cyril Arnaud","date":"febrero 18, 2016","format":false,"excerpt":"\u00bfQu\u00e9 es la CCICC? La C\u00e1mara de Comercio e Industria Cuba-Canad\u00e1 es una organizaci\u00f3n privada con fines no lucrativos dedicada a la promoci\u00f3n de las inversiones y el comercio entre Canad\u00e1 y la Rep\u00fablica de Cuba. \u00a0 Nuestros servicios Mediante actividades de networking empresarial, misiones comerciales y la representaci\u00f3n de\u2026","rel":"","context":"Entrada similar","block_context":{"text":"Entrada similar","link":""},"img":{"alt_text":"","src":"https:\/\/i0.wp.com\/ccicubacanada.org\/wp-content\/uploads\/2016\/02\/flag-677901_1280.jpg?fit=1024%2C750&quality=89&ssl=1&resize=350%2C200","width":350,"height":200,"srcset":"https:\/\/i0.wp.com\/ccicubacanada.org\/wp-content\/uploads\/2016\/02\/flag-677901_1280.jpg?fit=1024%2C750&quality=89&ssl=1&resize=350%2C200 1x, https:\/\/i0.wp.com\/ccicubacanada.org\/wp-content\/uploads\/2016\/02\/flag-677901_1280.jpg?fit=1024%2C750&quality=89&ssl=1&resize=525%2C300 1.5x, https:\/\/i0.wp.com\/ccicubacanada.org\/wp-content\/uploads\/2016\/02\/flag-677901_1280.jpg?fit=1024%2C750&quality=89&ssl=1&resize=700%2C400 2x"},"classes":[]},{"id":5277,"url":"https:\/\/ccicubacanada.org\/es\/direccion-y-comites\/comite-de-solidaridad-de-la-ccicc\/","url_meta":{"origin":191,"position":5},"title":"Comit\u00e9 de Solidaridad de la CCICC","author":"Cyril Arnaud","date":"diciembre 2, 2019","format":false,"excerpt":"Como parte de sus acciones por promover los v\u00ednculos de cooperaci\u00f3n entre Canad\u00e1 y Cuba, el Comit\u00e9 de Solidaridad de la CCICC re\u00fane los esfuerzos de sus miembros y de cualquier entidad interesada en el principio de la solidaridad internacional. A trav\u00e9s de actividades de informaci\u00f3n, alianzas e intervenciones de\u2026","rel":"","context":"Entrada similar","block_context":{"text":"Entrada similar","link":""},"img":{"alt_text":"","src":"https:\/\/i0.wp.com\/ccicubacanada.org\/wp-content\/uploads\/2016\/10\/solidaritecuba.jpg?fit=397%2C298&quality=89&ssl=1&resize=350%2C200","width":350,"height":200},"classes":[]}],"jetpack_sharing_enabled":true,"jetpack_shortlink":"https:\/\/wp.me\/P7fkeW-35","_links":{"self":[{"href":"https:\/\/ccicubacanada.org\/es\/wp-json\/wp\/v2\/pages\/191","targetHints":{"allow":["GET"]}}],"collection":[{"href":"https:\/\/ccicubacanada.org\/es\/wp-json\/wp\/v2\/pages"}],"about":[{"href":"https:\/\/ccicubacanada.org\/es\/wp-json\/wp\/v2\/types\/page"}],"author":[{"embeddable":true,"href":"https:\/\/ccicubacanada.org\/es\/wp-json\/wp\/v2\/users\/1"}],"replies":[{"embeddable":true,"href":"https:\/\/ccicubacanada.org\/es\/wp-json\/wp\/v2\/comments?post=191"}],"version-history":[{"count":2,"href":"https:\/\/ccicubacanada.org\/es\/wp-json\/wp\/v2\/pages\/191\/revisions"}],"predecessor-version":[{"id":7745,"href":"https:\/\/ccicubacanada.org\/es\/wp-json\/wp\/v2\/pages\/191\/revisions\/7745"}],"up":[{"embeddable":true,"href":"https:\/\/ccicubacanada.org\/es\/wp-json\/wp\/v2\/pages\/177"}],"wp:attachment":[{"href":"https:\/\/ccicubacanada.org\/es\/wp-json\/wp\/v2\/media?parent=191"}],"curies":[{"name":"wp","href":"https:\/\/api.w.org\/{rel}","templated":true}]}}