{"id":20,"date":"2016-02-16T23:31:20","date_gmt":"2016-02-17T04:31:20","guid":{"rendered":"https:\/\/ccicubacanada.org\/?page_id=20"},"modified":"2023-06-23T14:55:43","modified_gmt":"2023-06-23T18:55:43","slug":"inicio","status":"publish","type":"page","link":"https:\/\/ccicubacanada.org\/es\/","title":{"rendered":"Inicio"},"content":{"rendered":"<div id=\"pl-20\"  class=\"panel-layout\" ><div id=\"pg-20-0\"  class=\"panel-grid panel-no-style\" ><div id=\"pgc-20-0-0\"  class=\"panel-grid-cell\" ><div id=\"panel-20-0-0-0\" class=\"so-panel widget widget_sow-post-carousel panel-first-child\" data-index=\"0\" ><div\n\t\t\t\n\t\t\tclass=\"so-widget-sow-post-carousel so-widget-sow-post-carousel-base-16185f985534-20\"\n\t\t\t\n\t\t>\t<div\n\t\tclass=\"sow-post-carousel-wrapper sow-post-carousel-theme-base\"\n\t\tstyle=\"overflow: hidden; max-width: 100%; min-height: 182px\"\n\t>\n\t\t<div class=\"sow-carousel-title has-title\">\n\t<h3 class=\"widget-title\">Eventos<\/h3>\t\t<div class=\"sow-carousel-navigation \">\n\t\t\t\t\t\t<a href=\"#\" class=\"sow-carousel-next\" title=\"Siguiente\" aria-label=\"Entradas siguientes\" role=\"button\"><\/a>\n\t\t\t\t\t\t<a href=\"#\" class=\"sow-carousel-previous\" title=\"Anterior\" aria-label=\"Entradas anteriores\" role=\"button\"><\/a>\n\t\t\t\t\t<\/div>\n\t<\/div>\n\n<div class=\"sow-carousel-container \">\n\t\t<div class=\"sow-carousel-wrapper\"\n\t\tdata-dir=\"ltr\"\n\t\tstyle=\"opacity: 0;\"\n\t\tdata-widget=\"post\" data-fetching=\"false\" data-page=\"1\" data-ajax-url=\"https:\/\/ccicubacanada.org\/wp-admin\/admin-ajax.php?_widgets_nonce=d9866ecfa0\" data-item_count=\"70\" data-carousel_settings=\"{&quot;loop&quot;:true,&quot;animation&quot;:&quot;Ease&quot;,&quot;animation_speed&quot;:400,&quot;autoplay&quot;:&quot;&quot;,&quot;pauseOnHover&quot;:&quot;&quot;,&quot;autoplaySpeed&quot;:8000,&quot;item_overflow&quot;:true,&quot;autoplay_continuous_scroll&quot;:false}\" data-responsive=\"{&quot;desktop_slides_to_scroll&quot;:1,&quot;tablet_landscape_breakpoint&quot;:1366,&quot;tablet_landscape_slides_to_scroll&quot;:2,&quot;tablet_portrait_breakpoint&quot;:1025,&quot;tablet_portrait_slides_to_scroll&quot;:2,&quot;mobile_breakpoint&quot;:480,&quot;mobile_slides_to_scroll&quot;:1}\" data-variable_width=\"true\" \t>\n\t\t<div\n\t\t\tclass=\"sow-carousel-items\"\n\t\t\t\t\t>\n\t\t\t\t<div class=\"sow-carousel-item\" tabindex=\"-1\" style=\"float: left;\">\n\t\t<div class=\"sow-carousel-thumbnail\">\n\t\t\t\t\t\t\t<a\n\t\t\t\t\thref=\"https:\/\/ccicubacanada.org\/es\/portfolio\/2025-11-24-desarrollo-de-negocios-en-cuba-el-pabellon-de-canada-en-fihav-2025\/\"\n\t\t\t\t\t\t\t\t\t\tstyle=\"background-image: url( https:\/\/i0.wp.com\/ccicubacanada.org\/wp-content\/uploads\/2025\/09\/logo_fihav_generico_miion_cuba.jpg?resize=272%2C182&#038;quality=89&#038;ssl=1 )\"\n\t\t\t\t\taria-labelledby=\"sow-carousel-id-8500\"\n\t\t\t\t\ttabindex=\"-1\"\n\t\t\t\t>\n\t\t\t\t\t<span class=\"overlay\"><\/span>\n\t\t\t\t<\/a>\n\t\t\t\t\t<\/div>\n\t\t<h3 class=\"sow-carousel-item-title\">\n\t\t\t<a\n\t\t\t\thref=\"https:\/\/ccicubacanada.org\/es\/portfolio\/2025-11-24-desarrollo-de-negocios-en-cuba-el-pabellon-de-canada-en-fihav-2025\/\"\n\t\t\t\tid=\"sow-carousel-id-8500\"\n\t\t\t\t\t\t\t\ttabindex=\"-1\"\n\t\t\t>\n\n\t\t\t\t2025-11-24 Desarrollo de negocios en Cuba: El Pabell\u00f3n de Canad\u00e1 en FIHAV 2025\t\t\t<\/a>\n\t\t<\/h3>\n\t<\/div>\n\t\t<div class=\"sow-carousel-item\" tabindex=\"-1\" style=\"float: left;\">\n\t\t<div class=\"sow-carousel-thumbnail\">\n\t\t\t\t\t\t\t<a\n\t\t\t\t\thref=\"https:\/\/ccicubacanada.org\/es\/portfolio\/2024-05-10-le-marche-cubain-aujourdhui\/\"\n\t\t\t\t\t\t\t\t\t\tstyle=\"background-image: url( https:\/\/i0.wp.com\/ccicubacanada.org\/wp-content\/uploads\/2024\/04\/ESC_9743.jpg?resize=272%2C182&#038;quality=89&#038;ssl=1 )\"\n\t\t\t\t\taria-labelledby=\"sow-carousel-id-7928\"\n\t\t\t\t\ttabindex=\"-1\"\n\t\t\t\t>\n\t\t\t\t\t<span class=\"overlay\"><\/span>\n\t\t\t\t<\/a>\n\t\t\t\t\t<\/div>\n\t\t<h3 class=\"sow-carousel-item-title\">\n\t\t\t<a\n\t\t\t\thref=\"https:\/\/ccicubacanada.org\/es\/portfolio\/2024-05-10-le-marche-cubain-aujourdhui\/\"\n\t\t\t\tid=\"sow-carousel-id-7928\"\n\t\t\t\t\t\t\t\ttabindex=\"-1\"\n\t\t\t>\n\n\t\t\t\t2024-05-10 &#8211; Le march\u00e9 cubain aujourd&#8217;hui\t\t\t<\/a>\n\t\t<\/h3>\n\t<\/div>\n\t\t<div class=\"sow-carousel-item\" tabindex=\"-1\" style=\"float: left;\">\n\t\t<div class=\"sow-carousel-thumbnail\">\n\t\t\t\t\t\t\t<a\n\t\t\t\t\thref=\"https:\/\/ccicubacanada.org\/es\/portfolio\/2023-11-06-fihav-2023-feria-internacional-de-la-habana\/\"\n\t\t\t\t\t\t\t\t\t\tstyle=\"background-image: url( https:\/\/i0.wp.com\/ccicubacanada.org\/wp-content\/uploads\/2023\/08\/FIHAV2023.jpeg?resize=272%2C182&#038;quality=89&#038;ssl=1 )\"\n\t\t\t\t\taria-labelledby=\"sow-carousel-id-7725\"\n\t\t\t\t\ttabindex=\"-1\"\n\t\t\t\t>\n\t\t\t\t\t<span class=\"overlay\"><\/span>\n\t\t\t\t<\/a>\n\t\t\t\t\t<\/div>\n\t\t<h3 class=\"sow-carousel-item-title\">\n\t\t\t<a\n\t\t\t\thref=\"https:\/\/ccicubacanada.org\/es\/portfolio\/2023-11-06-fihav-2023-feria-internacional-de-la-habana\/\"\n\t\t\t\tid=\"sow-carousel-id-7725\"\n\t\t\t\t\t\t\t\ttabindex=\"-1\"\n\t\t\t>\n\n\t\t\t\t2023-11-06 FIHAV 2023: Feria Internacional de La Habana\t\t\t<\/a>\n\t\t<\/h3>\n\t<\/div>\n\t\t<div class=\"sow-carousel-item\" tabindex=\"-1\" style=\"float: left;\">\n\t\t<div class=\"sow-carousel-thumbnail\">\n\t\t\t\t\t\t\t<a\n\t\t\t\t\thref=\"https:\/\/ccicubacanada.org\/es\/portfolio\/2023-06-13-junta-general-de-miembros\/\"\n\t\t\t\t\tclass=\"sow-carousel-default-thumbnail\"\n\t\t\t\t\t\t\t\t\t\t\t\t\t\t\taria-labelledby=\"sow-carousel-id-7708\"\n\t\t\t\t\ttabindex=\"-1\"\n\t\t\t\t>\n\t\t\t\t\t<span class=\"overlay\"><\/span>\n\t\t\t\t<\/a>\n\t\t\t\t\t<\/div>\n\t\t<h3 class=\"sow-carousel-item-title\">\n\t\t\t<a\n\t\t\t\thref=\"https:\/\/ccicubacanada.org\/es\/portfolio\/2023-06-13-junta-general-de-miembros\/\"\n\t\t\t\tid=\"sow-carousel-id-7708\"\n\t\t\t\t\t\t\t\ttabindex=\"-1\"\n\t\t\t>\n\n\t\t\t\t2023-06-13 Junta General de Miembros\t\t\t<\/a>\n\t\t<\/h3>\n\t<\/div>\n\t\t<div class=\"sow-carousel-item\" tabindex=\"-1\" style=\"float: left;\">\n\t\t<div class=\"sow-carousel-thumbnail\">\n\t\t\t\t\t\t\t<a\n\t\t\t\t\thref=\"https:\/\/ccicubacanada.org\/es\/portfolio\/2023-05-01-fitcuba-2023\/\"\n\t\t\t\t\t\t\t\t\t\tstyle=\"background-image: url( https:\/\/i0.wp.com\/ccicubacanada.org\/wp-content\/uploads\/2023\/06\/PXL_20230502_155718902.jpg?resize=272%2C182&#038;quality=89&#038;ssl=1 )\"\n\t\t\t\t\taria-labelledby=\"sow-carousel-id-7470\"\n\t\t\t\t\ttabindex=\"-1\"\n\t\t\t\t>\n\t\t\t\t\t<span class=\"overlay\"><\/span>\n\t\t\t\t<\/a>\n\t\t\t\t\t<\/div>\n\t\t<h3 class=\"sow-carousel-item-title\">\n\t\t\t<a\n\t\t\t\thref=\"https:\/\/ccicubacanada.org\/es\/portfolio\/2023-05-01-fitcuba-2023\/\"\n\t\t\t\tid=\"sow-carousel-id-7470\"\n\t\t\t\t\t\t\t\ttabindex=\"-1\"\n\t\t\t>\n\n\t\t\t\t2023-05-01 &#8211; FITCuba 2023\t\t\t<\/a>\n\t\t<\/h3>\n\t<\/div>\n\t\t<div class=\"sow-carousel-item\" tabindex=\"-1\" style=\"float: left;\">\n\t\t<div class=\"sow-carousel-thumbnail\">\n\t\t\t\t\t\t\t<a\n\t\t\t\t\thref=\"https:\/\/ccicubacanada.org\/es\/portfolio\/2022-11-14-fihav-2022-feria-internacional-de-la-habana\/\"\n\t\t\t\t\t\t\t\t\t\tstyle=\"background-image: url( https:\/\/i0.wp.com\/ccicubacanada.org\/wp-content\/uploads\/2022\/06\/FIHAV1_16-300x200-2.jpg?resize=272%2C154&#038;quality=89&#038;ssl=1 )\"\n\t\t\t\t\taria-labelledby=\"sow-carousel-id-7280\"\n\t\t\t\t\ttabindex=\"-1\"\n\t\t\t\t>\n\t\t\t\t\t<span class=\"overlay\"><\/span>\n\t\t\t\t<\/a>\n\t\t\t\t\t<\/div>\n\t\t<h3 class=\"sow-carousel-item-title\">\n\t\t\t<a\n\t\t\t\thref=\"https:\/\/ccicubacanada.org\/es\/portfolio\/2022-11-14-fihav-2022-feria-internacional-de-la-habana\/\"\n\t\t\t\tid=\"sow-carousel-id-7280\"\n\t\t\t\t\t\t\t\ttabindex=\"-1\"\n\t\t\t>\n\n\t\t\t\t2022-11-14 FIHAV 2022: Feria Internacional de La Habana\t\t\t<\/a>\n\t\t<\/h3>\n\t<\/div>\n\t\t<div class=\"sow-carousel-item\" tabindex=\"-1\" style=\"float: left;\">\n\t\t<div class=\"sow-carousel-thumbnail\">\n\t\t\t\t\t\t\t<a\n\t\t\t\t\thref=\"https:\/\/ccicubacanada.org\/es\/portfolio\/2022-06-14-les-opportunites-daffaires-a-cuba\/\"\n\t\t\t\t\t\t\t\t\t\tstyle=\"background-image: url( https:\/\/i0.wp.com\/ccicubacanada.org\/wp-content\/uploads\/2022\/05\/LAmbassadeur-Hector-Igarza-Cabrera.jpg?resize=240%2C182&#038;quality=89&#038;ssl=1 )\"\n\t\t\t\t\taria-labelledby=\"sow-carousel-id-7174\"\n\t\t\t\t\ttabindex=\"-1\"\n\t\t\t\t>\n\t\t\t\t\t<span class=\"overlay\"><\/span>\n\t\t\t\t<\/a>\n\t\t\t\t\t<\/div>\n\t\t<h3 class=\"sow-carousel-item-title\">\n\t\t\t<a\n\t\t\t\thref=\"https:\/\/ccicubacanada.org\/es\/portfolio\/2022-06-14-les-opportunites-daffaires-a-cuba\/\"\n\t\t\t\tid=\"sow-carousel-id-7174\"\n\t\t\t\t\t\t\t\ttabindex=\"-1\"\n\t\t\t>\n\n\t\t\t\t2022-06-14 Les opportunit\u00e9s d&#8217;affaires \u00e0 Cuba\t\t\t<\/a>\n\t\t<\/h3>\n\t<\/div>\n\t\t<div class=\"sow-carousel-item\" tabindex=\"-1\" style=\"float: left;\">\n\t\t<div class=\"sow-carousel-thumbnail\">\n\t\t\t\t\t\t\t<a\n\t\t\t\t\thref=\"https:\/\/ccicubacanada.org\/es\/portfolio\/2022-05-03-fitcuba-2022-abrira-sus-puertas-en-mayo\/\"\n\t\t\t\t\t\t\t\t\t\tstyle=\"background-image: url( https:\/\/i0.wp.com\/ccicubacanada.org\/wp-content\/uploads\/2022\/03\/cuba-fit-cuba-logos-daily-600px.jpg?resize=272%2C182&#038;quality=89&#038;ssl=1 )\"\n\t\t\t\t\taria-labelledby=\"sow-carousel-id-7047\"\n\t\t\t\t\ttabindex=\"-1\"\n\t\t\t\t>\n\t\t\t\t\t<span class=\"overlay\"><\/span>\n\t\t\t\t<\/a>\n\t\t\t\t\t<\/div>\n\t\t<h3 class=\"sow-carousel-item-title\">\n\t\t\t<a\n\t\t\t\thref=\"https:\/\/ccicubacanada.org\/es\/portfolio\/2022-05-03-fitcuba-2022-abrira-sus-puertas-en-mayo\/\"\n\t\t\t\tid=\"sow-carousel-id-7047\"\n\t\t\t\t\t\t\t\ttabindex=\"-1\"\n\t\t\t>\n\n\t\t\t\t2022-05-03 FITCuba 2022 abrir\u00e1 sus puertas en mayo\t\t\t<\/a>\n\t\t<\/h3>\n\t<\/div>\n\t\t<div class=\"sow-carousel-item\" tabindex=\"-1\" style=\"float: left;\">\n\t\t<div class=\"sow-carousel-thumbnail\">\n\t\t\t\t\t\t\t<a\n\t\t\t\t\thref=\"https:\/\/ccicubacanada.org\/es\/portfolio\/2022-03-14-habana-manana-el-sector-del-empresariado-privado-se-abre-en-cuba\/\"\n\t\t\t\t\t\t\t\t\t\tstyle=\"background-image: url( https:\/\/i0.wp.com\/ccicubacanada.org\/wp-content\/uploads\/2022\/03\/Image-conferencier.png?resize=272%2C182&#038;quality=80&#038;ssl=1 )\"\n\t\t\t\t\taria-labelledby=\"sow-carousel-id-6942\"\n\t\t\t\t\ttabindex=\"-1\"\n\t\t\t\t>\n\t\t\t\t\t<span class=\"overlay\"><\/span>\n\t\t\t\t<\/a>\n\t\t\t\t\t<\/div>\n\t\t<h3 class=\"sow-carousel-item-title\">\n\t\t\t<a\n\t\t\t\thref=\"https:\/\/ccicubacanada.org\/es\/portfolio\/2022-03-14-habana-manana-el-sector-del-empresariado-privado-se-abre-en-cuba\/\"\n\t\t\t\tid=\"sow-carousel-id-6942\"\n\t\t\t\t\t\t\t\ttabindex=\"-1\"\n\t\t\t>\n\n\t\t\t\t2022-03-14 Habana Ma\u00f1ana : El sector del empresariado privado se abre en Cuba\t\t\t<\/a>\n\t\t<\/h3>\n\t<\/div>\n\t\t<div class=\"sow-carousel-item\" tabindex=\"-1\" style=\"float: left;\">\n\t\t<div class=\"sow-carousel-thumbnail\">\n\t\t\t\t\t\t\t<a\n\t\t\t\t\thref=\"https:\/\/ccicubacanada.org\/es\/portfolio\/2021-11-08-le-lien-entre-le-canada-et-cuba-va-bien-au-dela-du-tourisme\/\"\n\t\t\t\t\t\t\t\t\t\tstyle=\"background-image: url( https:\/\/i0.wp.com\/ccicubacanada.org\/wp-content\/uploads\/2021\/11\/Screenshot-2021-11-09-16.05.36.png?resize=272%2C182&#038;quality=80&#038;ssl=1 )\"\n\t\t\t\t\taria-labelledby=\"sow-carousel-id-6863\"\n\t\t\t\t\ttabindex=\"-1\"\n\t\t\t\t>\n\t\t\t\t\t<span class=\"overlay\"><\/span>\n\t\t\t\t<\/a>\n\t\t\t\t\t<\/div>\n\t\t<h3 class=\"sow-carousel-item-title\">\n\t\t\t<a\n\t\t\t\thref=\"https:\/\/ccicubacanada.org\/es\/portfolio\/2021-11-08-le-lien-entre-le-canada-et-cuba-va-bien-au-dela-du-tourisme\/\"\n\t\t\t\tid=\"sow-carousel-id-6863\"\n\t\t\t\t\t\t\t\ttabindex=\"-1\"\n\t\t\t>\n\n\t\t\t\t2021-11-08 Le lien entre le Canada et Cuba va bien au del\u00e0 du tourisme\t\t\t<\/a>\n\t\t<\/h3>\n\t<\/div>\n\t\t\t<\/div>\n\t\t\t<\/div>\n\n\t<\/div>\n\t\t<input type=\"hidden\" name=\"instance_hash\" value=\"1c0846a0\"\/>\n\t<\/div>\n<\/div><\/div><div id=\"panel-20-0-0-1\" class=\"so-panel widget widget_sow-hero\" data-index=\"1\" ><div\n\t\t\t\n\t\t\tclass=\"so-widget-sow-hero so-widget-sow-hero-default-f93f214aa417-6863 so-widget-fittext-wrapper\"\n\t\t\t data-fit-text-compressor=\"0.85\"\n\t\t>\t\t\t\t<div class=\"sow-slider-base\" style=\"display: none\" tabindex=\"0\">\n\t\t\t\t\t<ul\n\t\t\t\t\tclass=\"sow-slider-images\"\n\t\t\t\t\tdata-settings=\"{&quot;pagination&quot;:true,&quot;speed&quot;:800,&quot;timeout&quot;:8000,&quot;paused&quot;:false,&quot;pause_on_hover&quot;:false,&quot;swipe&quot;:true,&quot;nav_always_show_desktop&quot;:&quot;&quot;,&quot;nav_always_show_mobile&quot;:&quot;&quot;,&quot;breakpoint&quot;:&quot;780px&quot;,&quot;unmute&quot;:false,&quot;anchor&quot;:null}\"\n\t\t\t\t\tstyle=\"min-height: 500px\"\t\t\t\t\tdata-anchor-id=\"\"\n\t\t\t\t>\t\t<li class=\"sow-slider-image  sow-slider-image-cover\" style=\"visibility: visible;;background-color: #333333;background-image: url(https:\/\/i0.wp.com\/ccicubacanada.org\/wp-content\/uploads\/2016\/02\/Slide1.jpg?fit=1000%2C500&#038;quality=89&#038;ssl=1)\" >\n\t\t\t\t\t<div class=\"sow-slider-image-container\">\n\t\t\t<div class=\"sow-slider-image-wrapper\">\n\t\t\t\t<br \/>\n<br \/>\n<br \/>\n<br \/>\n<br \/>\n<br \/>\n<br \/>\n<h1>Bienvenido a<\/h1>\n<h2> la C\u00e1mara de Comercio e Industria Canad\u00e1-Cuba<\/h2>\n<div class=\"sow-hero-buttons\" style=\"text-align: center\"><div\n\t\t\t\n\t\t\tclass=\"so-widget-sow-button so-widget-sow-button-atom-121032b39f41\"\n\t\t\t\n\t\t><div class=\"ow-button-base ow-button-align-center\"\n>\n\t\t\t<a\n\t\t\t\t\thref=\"\/en\/subscription\/\"\n\t\t\t\t\tclass=\"sowb-button ow-icon-placement-left ow-button-hover\" \t>\n\t\t<span>\n\t\t\t\n\t\t\t\u00a1Convi\u00e9rtase en miembro hoy!\t\t<\/span>\n\t\t\t<\/a>\n\t<\/div>\n<\/div><\/div>\t\t\t<\/div>\n\t\t<\/div>\n\t\t\t\t<\/li>\n\t\t\t\t<li class=\"sow-slider-image  sow-slider-image-cover\" style=\"visibility: hidden;;background-color: #333333\" data-background=\"url(https:\/\/i0.wp.com\/ccicubacanada.org\/wp-content\/uploads\/2017\/07\/FIHAV-2016.jpg?fit=1000%2C500&#038;quality=89&#038;ssl=1)\" >\n\t\t\t\t\t<div class=\"sow-slider-image-container\">\n\t\t\t<div class=\"sow-slider-image-wrapper\">\n\t\t\t\t<h1>Participar en las m\u00e1s importante feria en Cuba<\/h1>\n<div class=\"sow-hero-buttons\" style=\"text-align: center\"><div\n\t\t\t\n\t\t\tclass=\"so-widget-sow-button so-widget-sow-button-atom-121032b39f41\"\n\t\t\t\n\t\t><div class=\"ow-button-base ow-button-align-center\"\n>\n\t\t\t<a\n\t\t\t\t\thref=\"https:\/\/ccicubacanada.org\/es\/contactenos\/\"\n\t\t\t\t\tclass=\"sowb-button ow-icon-placement-left ow-button-hover\" target=\"_blank\" rel=\"noopener noreferrer\" \t>\n\t\t<span>\n\t\t\t\n\t\t\tCont\u00e1ctenos\t\t<\/span>\n\t\t\t<\/a>\n\t<\/div>\n<\/div><\/div>\n\t\t\t<\/div>\n\t\t<\/div>\n\t\t\t\t<\/li>\n\t\t<\/ul>\t\t\t\t<ol class=\"sow-slider-pagination\">\n\t\t\t\t\t\t\t\t\t\t\t<li><a href=\"#\" data-goto=\"0\" aria-label=\"mostrar diapositiva 1\"><\/a><\/li>\n\t\t\t\t\t\t\t\t\t\t\t<li><a href=\"#\" data-goto=\"1\" aria-label=\"mostrar diapositiva 2\"><\/a><\/li>\n\t\t\t\t\t\t\t\t\t<\/ol>\n\n\t\t\t\t<div class=\"sow-slide-nav sow-slide-nav-next\">\n\t\t\t\t\t<a href=\"#\" data-goto=\"next\" aria-label=\"diapositiva siguiente\" data-action=\"next\">\n\t\t\t\t\t\t<em class=\"sow-sld-icon-thin-right\"><\/em>\n\t\t\t\t\t<\/a>\n\t\t\t\t<\/div>\n\n\t\t\t\t<div class=\"sow-slide-nav sow-slide-nav-prev\">\n\t\t\t\t\t<a href=\"#\" data-goto=\"previous\" aria-label=\"diapositiva anterior\" data-action=\"prev\">\n\t\t\t\t\t\t<em class=\"sow-sld-icon-thin-left\"><\/em>\n\t\t\t\t\t<\/a>\n\t\t\t\t<\/div>\n\t\t\t\t<\/div><\/div><\/div><div id=\"panel-20-0-0-2\" class=\"so-panel widget widget_sow-post-carousel panel-last-child\" data-index=\"2\" ><div class=\"panel-widget-style panel-widget-style-for-20-0-0-2\" ><div\n\t\t\t\n\t\t\tclass=\"so-widget-sow-post-carousel so-widget-sow-post-carousel-base-ad93eedad001-6863\"\n\t\t\t\n\t\t>\t<div\n\t\tclass=\"sow-post-carousel-wrapper sow-post-carousel-theme-base\"\n\t\tstyle=\"overflow: hidden; max-width: 100%; min-height: 182px\"\n\t>\n\t\t<div class=\"sow-carousel-title has-title\">\n\t<h3 class=\"widget-title\">Noticias<\/h3>\t\t<div class=\"sow-carousel-navigation \">\n\t\t\t\t\t\t<a href=\"#\" class=\"sow-carousel-next\" title=\"Siguiente\" aria-label=\"Entradas siguientes\" role=\"button\"><\/a>\n\t\t\t\t\t\t<a href=\"#\" class=\"sow-carousel-previous\" title=\"Anterior\" aria-label=\"Entradas anteriores\" role=\"button\"><\/a>\n\t\t\t\t\t<\/div>\n\t<\/div>\n\n<div class=\"sow-carousel-container \">\n\t\t<div class=\"sow-carousel-wrapper\"\n\t\tdata-dir=\"ltr\"\n\t\tstyle=\"opacity: 0;\"\n\t\tdata-widget=\"post\" data-fetching=\"false\" data-page=\"1\" data-ajax-url=\"https:\/\/ccicubacanada.org\/wp-admin\/admin-ajax.php?_widgets_nonce=d9866ecfa0\" data-item_count=\"39\" data-carousel_settings=\"{&quot;loop&quot;:true,&quot;animation&quot;:&quot;Ease&quot;,&quot;animation_speed&quot;:400,&quot;autoplay&quot;:&quot;&quot;,&quot;pauseOnHover&quot;:&quot;&quot;,&quot;autoplaySpeed&quot;:8000,&quot;item_overflow&quot;:true,&quot;autoplay_continuous_scroll&quot;:false}\" data-responsive=\"{&quot;desktop_slides_to_scroll&quot;:1,&quot;tablet_landscape_breakpoint&quot;:1366,&quot;tablet_landscape_slides_to_scroll&quot;:2,&quot;tablet_portrait_breakpoint&quot;:1025,&quot;tablet_portrait_slides_to_scroll&quot;:2,&quot;mobile_breakpoint&quot;:480,&quot;mobile_slides_to_scroll&quot;:1}\" data-variable_width=\"true\" \t>\n\t\t<div\n\t\t\tclass=\"sow-carousel-items\"\n\t\t\t\t\t>\n\t\t\t\t<div class=\"sow-carousel-item\" tabindex=\"-1\" style=\"float: left;\">\n\t\t<div class=\"sow-carousel-thumbnail\">\n\t\t\t\t\t\t\t<a\n\t\t\t\t\thref=\"https:\/\/ccicubacanada.org\/es\/conferencia-internacional-restauracion-neurologica-2024\/\"\n\t\t\t\t\t\t\t\t\t\tstyle=\"background-image: url( https:\/\/i0.wp.com\/ccicubacanada.org\/wp-content\/uploads\/2023\/10\/conferencia-ES-1.png?resize=272%2C182&#038;quality=80&#038;ssl=1 )\"\n\t\t\t\t\taria-labelledby=\"sow-carousel-id-7855\"\n\t\t\t\t\ttabindex=\"-1\"\n\t\t\t\t>\n\t\t\t\t\t<span class=\"overlay\"><\/span>\n\t\t\t\t<\/a>\n\t\t\t\t\t<\/div>\n\t\t<h3 class=\"sow-carousel-item-title\">\n\t\t\t<a\n\t\t\t\thref=\"https:\/\/ccicubacanada.org\/es\/conferencia-internacional-restauracion-neurologica-2024\/\"\n\t\t\t\tid=\"sow-carousel-id-7855\"\n\t\t\t\t\t\t\t\ttabindex=\"-1\"\n\t\t\t>\n\n\t\t\t\t2024-02-21 V Conferencia Internacional Restauraci\u00f3n Neurol\u00f3gica\t\t\t<\/a>\n\t\t<\/h3>\n\t<\/div>\n\t\t<div class=\"sow-carousel-item\" tabindex=\"-1\" style=\"float: left;\">\n\t\t<div class=\"sow-carousel-thumbnail\">\n\t\t\t\t\t\t\t<a\n\t\t\t\t\thref=\"https:\/\/ccicubacanada.org\/es\/participez-a-expoholguin-2023\/\"\n\t\t\t\t\t\t\t\t\t\tstyle=\"background-image: url( https:\/\/i0.wp.com\/ccicubacanada.org\/wp-content\/uploads\/2023\/03\/image2.png?resize=272%2C182&#038;quality=80&#038;ssl=1 )\"\n\t\t\t\t\taria-labelledby=\"sow-carousel-id-7415\"\n\t\t\t\t\ttabindex=\"-1\"\n\t\t\t\t>\n\t\t\t\t\t<span class=\"overlay\"><\/span>\n\t\t\t\t<\/a>\n\t\t\t\t\t<\/div>\n\t\t<h3 class=\"sow-carousel-item-title\">\n\t\t\t<a\n\t\t\t\thref=\"https:\/\/ccicubacanada.org\/es\/participez-a-expoholguin-2023\/\"\n\t\t\t\tid=\"sow-carousel-id-7415\"\n\t\t\t\t\t\t\t\ttabindex=\"-1\"\n\t\t\t>\n\n\t\t\t\tConvocatoria abierta a &lt;strong&gt;EXPOHOLGU\u00cdN 2023&lt;\/strong&gt;\t\t\t<\/a>\n\t\t<\/h3>\n\t<\/div>\n\t\t<div class=\"sow-carousel-item\" tabindex=\"-1\" style=\"float: left;\">\n\t\t<div class=\"sow-carousel-thumbnail\">\n\t\t\t\t\t\t\t<a\n\t\t\t\t\thref=\"https:\/\/ccicubacanada.org\/es\/paul-james-stott-1949-2023\/\"\n\t\t\t\t\t\t\t\t\t\tstyle=\"background-image: url( https:\/\/i0.wp.com\/ccicubacanada.org\/wp-content\/uploads\/2019\/03\/paulstott.jpg?resize=272%2C182&#038;quality=89&#038;ssl=1 )\"\n\t\t\t\t\taria-labelledby=\"sow-carousel-id-7366\"\n\t\t\t\t\ttabindex=\"-1\"\n\t\t\t\t>\n\t\t\t\t\t<span class=\"overlay\"><\/span>\n\t\t\t\t<\/a>\n\t\t\t\t\t<\/div>\n\t\t<h3 class=\"sow-carousel-item-title\">\n\t\t\t<a\n\t\t\t\thref=\"https:\/\/ccicubacanada.org\/es\/paul-james-stott-1949-2023\/\"\n\t\t\t\tid=\"sow-carousel-id-7366\"\n\t\t\t\t\t\t\t\ttabindex=\"-1\"\n\t\t\t>\n\n\t\t\t\tPaul James STOTT (1949 &#8211; 2023)\t\t\t<\/a>\n\t\t<\/h3>\n\t<\/div>\n\t\t<div class=\"sow-carousel-item\" tabindex=\"-1\" style=\"float: left;\">\n\t\t<div class=\"sow-carousel-thumbnail\">\n\t\t\t\t\t\t\t<a\n\t\t\t\t\thref=\"https:\/\/ccicubacanada.org\/es\/bio-habana-2022\/\"\n\t\t\t\t\tclass=\"sow-carousel-default-thumbnail\"\n\t\t\t\t\t\t\t\t\t\t\t\t\t\t\taria-labelledby=\"sow-carousel-id-6893\"\n\t\t\t\t\ttabindex=\"-1\"\n\t\t\t\t>\n\t\t\t\t\t<span class=\"overlay\"><\/span>\n\t\t\t\t<\/a>\n\t\t\t\t\t<\/div>\n\t\t<h3 class=\"sow-carousel-item-title\">\n\t\t\t<a\n\t\t\t\thref=\"https:\/\/ccicubacanada.org\/es\/bio-habana-2022\/\"\n\t\t\t\tid=\"sow-carousel-id-6893\"\n\t\t\t\t\t\t\t\ttabindex=\"-1\"\n\t\t\t>\n\n\t\t\t\tBio Habana 2022\t\t\t<\/a>\n\t\t<\/h3>\n\t<\/div>\n\t\t<div class=\"sow-carousel-item\" tabindex=\"-1\" style=\"float: left;\">\n\t\t<div class=\"sow-carousel-thumbnail\">\n\t\t\t\t\t\t\t<a\n\t\t\t\t\thref=\"https:\/\/ccicubacanada.org\/es\/covid-19-apertura-de-las-fronteras-cubanas\/\"\n\t\t\t\t\t\t\t\t\t\tstyle=\"background-image: url( https:\/\/i0.wp.com\/ccicubacanada.org\/wp-content\/uploads\/2021\/11\/142033210_s.jpg?resize=272%2C182&#038;quality=89&#038;ssl=1 )\"\n\t\t\t\t\taria-labelledby=\"sow-carousel-id-6870\"\n\t\t\t\t\ttabindex=\"-1\"\n\t\t\t\t>\n\t\t\t\t\t<span class=\"overlay\"><\/span>\n\t\t\t\t<\/a>\n\t\t\t\t\t<\/div>\n\t\t<h3 class=\"sow-carousel-item-title\">\n\t\t\t<a\n\t\t\t\thref=\"https:\/\/ccicubacanada.org\/es\/covid-19-apertura-de-las-fronteras-cubanas\/\"\n\t\t\t\tid=\"sow-carousel-id-6870\"\n\t\t\t\t\t\t\t\ttabindex=\"-1\"\n\t\t\t>\n\n\t\t\t\tCovid-19 &#8211; Apertura de las fronteras Cubanas\t\t\t<\/a>\n\t\t<\/h3>\n\t<\/div>\n\t\t<div class=\"sow-carousel-item\" tabindex=\"-1\" style=\"float: left;\">\n\t\t<div class=\"sow-carousel-thumbnail\">\n\t\t\t\t\t\t\t<a\n\t\t\t\t\thref=\"https:\/\/ccicubacanada.org\/es\/la-reunion-en-la-habana-entre-las-dos-camaras-de-comercio\/\"\n\t\t\t\t\t\t\t\t\t\tstyle=\"background-image: url( https:\/\/i0.wp.com\/ccicubacanada.org\/wp-content\/uploads\/2021\/01\/Image-2021-01-05-at-16.09.29-2.jpeg?resize=272%2C182&#038;quality=89&#038;ssl=1 )\"\n\t\t\t\t\taria-labelledby=\"sow-carousel-id-5847\"\n\t\t\t\t\ttabindex=\"-1\"\n\t\t\t\t>\n\t\t\t\t\t<span class=\"overlay\"><\/span>\n\t\t\t\t<\/a>\n\t\t\t\t\t<\/div>\n\t\t<h3 class=\"sow-carousel-item-title\">\n\t\t\t<a\n\t\t\t\thref=\"https:\/\/ccicubacanada.org\/es\/la-reunion-en-la-habana-entre-las-dos-camaras-de-comercio\/\"\n\t\t\t\tid=\"sow-carousel-id-5847\"\n\t\t\t\t\t\t\t\ttabindex=\"-1\"\n\t\t\t>\n\n\t\t\t\tLa reuni\u00f3n en La Habana entre las dos c\u00e1maras de comercio\t\t\t<\/a>\n\t\t<\/h3>\n\t<\/div>\n\t\t<div class=\"sow-carousel-item\" tabindex=\"-1\" style=\"float: left;\">\n\t\t<div class=\"sow-carousel-thumbnail\">\n\t\t\t\t\t\t\t<a\n\t\t\t\t\thref=\"https:\/\/ccicubacanada.org\/es\/reunion-entre-las-dos-camaras-de-comercio\/\"\n\t\t\t\t\tclass=\"sow-carousel-default-thumbnail\"\n\t\t\t\t\t\t\t\t\t\t\t\t\t\t\taria-labelledby=\"sow-carousel-id-5843\"\n\t\t\t\t\ttabindex=\"-1\"\n\t\t\t\t>\n\t\t\t\t\t<span class=\"overlay\"><\/span>\n\t\t\t\t<\/a>\n\t\t\t\t\t<\/div>\n\t\t<h3 class=\"sow-carousel-item-title\">\n\t\t\t<a\n\t\t\t\thref=\"https:\/\/ccicubacanada.org\/es\/reunion-entre-las-dos-camaras-de-comercio\/\"\n\t\t\t\tid=\"sow-carousel-id-5843\"\n\t\t\t\t\t\t\t\ttabindex=\"-1\"\n\t\t\t>\n\n\t\t\t\tReuni\u00f3n entre las dos c\u00e1maras de comercio\t\t\t<\/a>\n\t\t<\/h3>\n\t<\/div>\n\t\t<div class=\"sow-carousel-item\" tabindex=\"-1\" style=\"float: left;\">\n\t\t<div class=\"sow-carousel-thumbnail\">\n\t\t\t\t\t\t\t<a\n\t\t\t\t\thref=\"https:\/\/ccicubacanada.org\/es\/por-que-no-teletrabajar-desde-cuba\/\"\n\t\t\t\t\tclass=\"sow-carousel-default-thumbnail\"\n\t\t\t\t\t\t\t\t\t\t\t\t\t\t\taria-labelledby=\"sow-carousel-id-5842\"\n\t\t\t\t\ttabindex=\"-1\"\n\t\t\t\t>\n\t\t\t\t\t<span class=\"overlay\"><\/span>\n\t\t\t\t<\/a>\n\t\t\t\t\t<\/div>\n\t\t<h3 class=\"sow-carousel-item-title\">\n\t\t\t<a\n\t\t\t\thref=\"https:\/\/ccicubacanada.org\/es\/por-que-no-teletrabajar-desde-cuba\/\"\n\t\t\t\tid=\"sow-carousel-id-5842\"\n\t\t\t\t\t\t\t\ttabindex=\"-1\"\n\t\t\t>\n\n\t\t\t\t\u00bfPor qu\u00e9 no teletrabajar desde Cuba?\t\t\t<\/a>\n\t\t<\/h3>\n\t<\/div>\n\t\t<div class=\"sow-carousel-item\" tabindex=\"-1\" style=\"float: left;\">\n\t\t<div class=\"sow-carousel-thumbnail\">\n\t\t\t\t\t\t\t<a\n\t\t\t\t\thref=\"https:\/\/ccicubacanada.org\/es\/unificacion-monetaria\/\"\n\t\t\t\t\tclass=\"sow-carousel-default-thumbnail\"\n\t\t\t\t\t\t\t\t\t\t\t\t\t\t\taria-labelledby=\"sow-carousel-id-5835\"\n\t\t\t\t\ttabindex=\"-1\"\n\t\t\t\t>\n\t\t\t\t\t<span class=\"overlay\"><\/span>\n\t\t\t\t<\/a>\n\t\t\t\t\t<\/div>\n\t\t<h3 class=\"sow-carousel-item-title\">\n\t\t\t<a\n\t\t\t\thref=\"https:\/\/ccicubacanada.org\/es\/unificacion-monetaria\/\"\n\t\t\t\tid=\"sow-carousel-id-5835\"\n\t\t\t\t\t\t\t\ttabindex=\"-1\"\n\t\t\t>\n\n\t\t\t\tUnificaci\u00f3n monetaria\t\t\t<\/a>\n\t\t<\/h3>\n\t<\/div>\n\t\t<div class=\"sow-carousel-item\" tabindex=\"-1\" style=\"float: left;\">\n\t\t<div class=\"sow-carousel-thumbnail\">\n\t\t\t\t\t\t\t<a\n\t\t\t\t\thref=\"https:\/\/ccicubacanada.org\/es\/participe-en-el-foro-empresarial-cuba-2020\/\"\n\t\t\t\t\t\t\t\t\t\tstyle=\"background-image: url( https:\/\/i0.wp.com\/ccicubacanada.org\/wp-content\/uploads\/2020\/11\/foro2020.png?resize=272%2C182&#038;quality=80&#038;ssl=1 )\"\n\t\t\t\t\taria-labelledby=\"sow-carousel-id-5683\"\n\t\t\t\t\ttabindex=\"-1\"\n\t\t\t\t>\n\t\t\t\t\t<span class=\"overlay\"><\/span>\n\t\t\t\t<\/a>\n\t\t\t\t\t<\/div>\n\t\t<h3 class=\"sow-carousel-item-title\">\n\t\t\t<a\n\t\t\t\thref=\"https:\/\/ccicubacanada.org\/es\/participe-en-el-foro-empresarial-cuba-2020\/\"\n\t\t\t\tid=\"sow-carousel-id-5683\"\n\t\t\t\t\t\t\t\ttabindex=\"-1\"\n\t\t\t>\n\n\t\t\t\t\u00a1PARTICIPE EN EL FORO EMPRESARIAL CUBA 2020!\t\t\t<\/a>\n\t\t<\/h3>\n\t<\/div>\n\t\t\t<\/div>\n\t\t\t<\/div>\n\n\t<\/div>\n\t\t<input type=\"hidden\" name=\"instance_hash\" value=\"237f501e\"\/>\n\t<\/div>\n<\/div><\/div><\/div><\/div><\/div><div id=\"pg-20-1\"  class=\"panel-grid panel-no-style\" ><div id=\"pgc-20-1-0\"  class=\"panel-grid-cell\" ><div id=\"panel-20-1-0-0\" class=\"so-panel widget widget_sow-editor panel-first-child panel-last-child\" data-index=\"3\" ><div class=\"panel-widget-style panel-widget-style-for-20-1-0-0\" ><div\n\t\t\t\n\t\t\tclass=\"so-widget-sow-editor so-widget-sow-editor-base\"\n\t\t\t\n\t\t>\n<div class=\"siteorigin-widget-tinymce textwidget\">\n\t<p><span style=\"font-weight: 400;\">La CCICC cuenta entre sus miembros con una red diversa de empresarios multiling\u00fces provenientes de m\u00faltiples sectores de la econom\u00eda tales como la industria, la agricultura, el transporte, el turismo, la construcci\u00f3n, las comunicaciones, la tecnolog\u00eda, el comercio, la educaci\u00f3n, las investigaciones y el medio ambiente interesados en fomentar las discusiones de negocios y en colaborar en intereses mutuos.<\/span><\/p>\n<p><span style=\"font-weight: 400;\">Nuestros\u00a0miembros son cubanos residentes en Canad\u00e1 que cuentan con amplia experiencia intercultural,<\/span><span style=\"font-weight: 400;\"> empresarios y empresas con negocios ya establecidos en Cuba. <\/span><\/p>\n<p><span style=\"font-weight: 400;\">La CCICC invita a toda persona f\u00edsica o jur\u00eddica que desee establecer contactos y perseguir intereses comerciales en Cuba a formar parte de su membres\u00eda de manera \u00e9tica, transparente, no religiosa y pol\u00edticamente neutral.<\/span><\/p>\n<\/div>\n<\/div><\/div><\/div><\/div><div id=\"pgc-20-1-1\"  class=\"panel-grid-cell\" ><div id=\"panel-20-1-1-0\" class=\"so-panel widget widget_sow-editor panel-first-child\" data-index=\"4\" ><div\n\t\t\t\n\t\t\tclass=\"so-widget-sow-editor so-widget-sow-editor-base\"\n\t\t\t\n\t\t>\n<div class=\"siteorigin-widget-tinymce textwidget\">\n\t<h3>Nuestros principales socios<\/h3>\n<\/div>\n<\/div><\/div><div id=\"panel-20-1-1-1\" class=\"so-panel widget widget_sow-slider panel-last-child\" data-index=\"5\" ><div\n\t\t\t\n\t\t\tclass=\"so-widget-sow-slider so-widget-sow-slider-default-3ba6ec3632d3-5683\"\n\t\t\t\n\t\t>\t\t\t\t<div class=\"sow-slider-base\" style=\"display: none\" tabindex=\"0\">\n\t\t\t\t\t<ul\n\t\t\t\t\tclass=\"sow-slider-images\"\n\t\t\t\t\tdata-settings=\"{&quot;pagination&quot;:true,&quot;speed&quot;:800,&quot;timeout&quot;:8000,&quot;paused&quot;:false,&quot;pause_on_hover&quot;:false,&quot;swipe&quot;:true,&quot;nav_always_show_desktop&quot;:&quot;&quot;,&quot;nav_always_show_mobile&quot;:&quot;&quot;,&quot;breakpoint&quot;:&quot;780px&quot;,&quot;unmute&quot;:false,&quot;anchor&quot;:null}\"\n\t\t\t\t\t\t\t\t\t\tdata-anchor-id=\"\"\n\t\t\t\t>\t\t<li class=\"sow-slider-image\" style=\"visibility: visible;;cursor: pointer;\" data-url=\"{&quot;url&quot;:&quot;http:\\\/\\\/www.terracam.ca&quot;,&quot;new_window&quot;:true}\" >\n\t\t\t\t\t\t<div class=\"sow-slider-image-container\">\n\t\t\t\t<div class=\"sow-slider-image-wrapper\" style=\"max-width: 700px\">\n\t\t\t\t\t\t\t\t\t\t\t<a href=\"http:\/\/www.terracam.ca\"\n\t\t\t\t\t\t\t\t\t\t\t\t\t\t\t\t\t\t\t\t\ttarget=\"_blank\" \t\t\t\t\t\t\t\t\t\t\t\t\t\t\t\t\t\t\t\t\t\t\t\t\t\t\t\trel=\"noopener noreferrer\" \t\t\t\t\t\t\t\t\t\t\t\t\t>\n\t\t\t\t\t\t\t\t\t\t<div class=\"sow-slider-image-foreground-wrapper\">\n\t\t\t\t\t\t<img loading=\"lazy\" decoding=\"async\" width=\"700\" height=\"134\" src=\"https:\/\/i0.wp.com\/ccicubacanada.org\/wp-content\/uploads\/2016\/02\/terracam-logo%402x.png?fit=700%2C134&amp;quality=80&amp;ssl=1\" class=\"sow-slider-foreground-image\" alt=\"\" style=\"\" data-attachment-id=\"2098\" data-permalink=\"https:\/\/ccicubacanada.org\/es\/home\/terracam-logo2x\/\" data-orig-file=\"https:\/\/i0.wp.com\/ccicubacanada.org\/wp-content\/uploads\/2016\/02\/terracam-logo%402x.png?fit=700%2C134&amp;quality=80&amp;ssl=1\" data-orig-size=\"700,134\" data-comments-opened=\"1\" data-image-meta=\"{&quot;aperture&quot;:&quot;0&quot;,&quot;credit&quot;:&quot;&quot;,&quot;camera&quot;:&quot;&quot;,&quot;caption&quot;:&quot;&quot;,&quot;created_timestamp&quot;:&quot;0&quot;,&quot;copyright&quot;:&quot;&quot;,&quot;focal_length&quot;:&quot;0&quot;,&quot;iso&quot;:&quot;0&quot;,&quot;shutter_speed&quot;:&quot;0&quot;,&quot;title&quot;:&quot;&quot;,&quot;orientation&quot;:&quot;0&quot;}\" data-image-title=\"terracam-logo@2x\" data-image-description=\"\" data-image-caption=\"\" data-large-file=\"https:\/\/i0.wp.com\/ccicubacanada.org\/wp-content\/uploads\/2016\/02\/terracam-logo%402x.png?fit=700%2C134&amp;quality=80&amp;ssl=1\" \/>\t\t\t\t\t<\/div>\n\t\t\t\t\t\t\t\t\t\t\t<\/a>\n\t\t\t\t\t\t\t\t\t<\/div>\n\t\t\t<\/div>\n\t\t\t\t\t<\/li>\n\t\t\t\t<li class=\"sow-slider-image\" style=\"visibility: hidden;;cursor: pointer;\" data-url=\"{&quot;url&quot;:&quot;http:\\\/\\\/www.cargomaxintl.com&quot;,&quot;new_window&quot;:true}\" >\n\t\t\t\t\t\t\t\t\t\t<a href=\"http:\/\/www.cargomaxintl.com\"\n\t\t\t\t\t\t\t\t\t\t\t\t\t\t\ttarget=\"_blank\" \t\t\t\t\t\t\t\t\t\t\t\t\t\t\t\t\t\t\t\trel=\"noopener noreferrer\" \t\t\t\t\t\t\t\t\t>\n\t\t\t<\/a>\t\t<\/li>\n\t\t\t\t<li class=\"sow-slider-image\" style=\"visibility: hidden;;cursor: pointer;\" data-url=\"{&quot;url&quot;:&quot;https:\\\/\\\/ariolix.com\\\/about\\\/ariolix-traduction\\\/&quot;,&quot;new_window&quot;:false}\" >\n\t\t\t\t\t\t<div class=\"sow-slider-image-container\">\n\t\t\t\t<div class=\"sow-slider-image-wrapper\" style=\"max-width: 193px\">\n\t\t\t\t\t\t\t\t\t\t\t<a href=\"https:\/\/ariolix.com\/about\/ariolix-traduction\/\"\n\t\t\t\t\t\t>\n\t\t\t\t\t\t\t\t\t\t<div class=\"sow-slider-image-foreground-wrapper\">\n\t\t\t\t\t\t<img loading=\"lazy\" decoding=\"async\" width=\"193\" height=\"80\" src=\"https:\/\/i0.wp.com\/ccicubacanada.org\/wp-content\/uploads\/2016\/11\/ariolix-traduction-logo-02-e1478703611461.png?fit=193%2C80&amp;quality=80&amp;ssl=1\" class=\"sow-slider-foreground-image\" alt=\"\" style=\"\" data-attachment-id=\"1210\" data-permalink=\"https:\/\/ccicubacanada.org\/es\/ariolix-traduction-logo-02\/\" data-orig-file=\"https:\/\/i0.wp.com\/ccicubacanada.org\/wp-content\/uploads\/2016\/11\/ariolix-traduction-logo-02-e1478703611461.png?fit=193%2C80&amp;quality=80&amp;ssl=1\" data-orig-size=\"193,80\" data-comments-opened=\"1\" data-image-meta=\"{&quot;aperture&quot;:&quot;0&quot;,&quot;credit&quot;:&quot;&quot;,&quot;camera&quot;:&quot;&quot;,&quot;caption&quot;:&quot;&quot;,&quot;created_timestamp&quot;:&quot;0&quot;,&quot;copyright&quot;:&quot;&quot;,&quot;focal_length&quot;:&quot;0&quot;,&quot;iso&quot;:&quot;0&quot;,&quot;shutter_speed&quot;:&quot;0&quot;,&quot;title&quot;:&quot;&quot;,&quot;orientation&quot;:&quot;0&quot;}\" data-image-title=\"ariolix-traduction-logo-02\" data-image-description=\"\" data-image-caption=\"\" data-large-file=\"https:\/\/i0.wp.com\/ccicubacanada.org\/wp-content\/uploads\/2016\/11\/ariolix-traduction-logo-02-e1478703611461.png?fit=193%2C80&amp;quality=80&amp;ssl=1\" \/>\t\t\t\t\t<\/div>\n\t\t\t\t\t\t\t\t\t\t\t<\/a>\n\t\t\t\t\t\t\t\t\t<\/div>\n\t\t\t<\/div>\n\t\t\t\t\t<\/li>\n\t\t<\/ul>\t\t\t\t<ol class=\"sow-slider-pagination\">\n\t\t\t\t\t\t\t\t\t\t\t<li><a href=\"#\" data-goto=\"0\" aria-label=\"mostrar diapositiva 1\"><\/a><\/li>\n\t\t\t\t\t\t\t\t\t\t\t<li><a href=\"#\" data-goto=\"1\" aria-label=\"mostrar diapositiva 2\"><\/a><\/li>\n\t\t\t\t\t\t\t\t\t\t\t<li><a href=\"#\" data-goto=\"2\" aria-label=\"mostrar diapositiva 3\"><\/a><\/li>\n\t\t\t\t\t\t\t\t\t<\/ol>\n\n\t\t\t\t<div class=\"sow-slide-nav sow-slide-nav-next\">\n\t\t\t\t\t<a href=\"#\" data-goto=\"next\" aria-label=\"diapositiva siguiente\" data-action=\"next\">\n\t\t\t\t\t\t<em class=\"sow-sld-icon-thin-right\"><\/em>\n\t\t\t\t\t<\/a>\n\t\t\t\t<\/div>\n\n\t\t\t\t<div class=\"sow-slide-nav sow-slide-nav-prev\">\n\t\t\t\t\t<a href=\"#\" data-goto=\"previous\" aria-label=\"diapositiva anterior\" data-action=\"prev\">\n\t\t\t\t\t\t<em class=\"sow-sld-icon-thin-left\"><\/em>\n\t\t\t\t\t<\/a>\n\t\t\t\t<\/div>\n\t\t\t\t<\/div><\/div><\/div><\/div><\/div><div id=\"pg-20-2\"  class=\"panel-grid panel-no-style\" ><div id=\"pgc-20-2-0\"  class=\"panel-grid-cell\" ><div id=\"panel-20-2-0-0\" class=\"so-panel widget widget_sow-features panel-first-child panel-last-child\" data-index=\"6\" ><div class=\"panel-widget-style panel-widget-style-for-20-2-0-0\" ><div\n\t\t\t\n\t\t\tclass=\"so-widget-sow-features so-widget-sow-features-default-33c6826bee44-5683\"\n\t\t\t\n\t\t><ul\n\tclass=\"sow-features-list\n\tsow-features-responsive\">\n\n\t\t\t<li\n\t\t\tclass=\"sow-features-feature sow-icon-container-position-top\"\n\t\t\tstyle=\"display: flex; flex-direction: column; width: calc(33.333% - 25px);\"\n\t\t>\n\t\t\t\n\t\t\t\t\t\t<div\t\t\t\tclass=\"sow-icon-container sow-container-round\"\n\t\t\t\tstyle=\"color: #ee1d24; \"\n\t\t\t\t\n\t\t\t\t\t\t\t>\n\t\t\t\t<span class=\"sow-icon-fontawesome sow-fas\" data-sow-icon=\"&#xf0c0;\"\n\t\tstyle=\"font-size: 24px; color: #FFFFFF\" \n\t\taria-hidden=\"true\"><\/span>\t\t\t<\/div>\n\n\t\t\t<div class=\"textwidget\">\n\t\t\t\t\n\t\t\t\t\t\t\t\t\t<h5 class=\"sow-features-feature-title\">\n\t\t\t\t\t\tComunidad\t\t\t\t\t<\/h5>\n\t\t\t\t\n\t\t\t\t\t\t\t\t\t<div class=\"sow-features-feature-text\">\n\t\t\t\t\tUna comunidad de negocios lista para acompa\u00f1arlo en el desarrollo de sus proyectos en Cuba\t\t\t\t\t<\/div>\n\t\t\t\t\t\t\t\t<\/div>\n\t\t\t\t\t\t\t\t<\/li>\n\n\t\t\t<li\n\t\t\tclass=\"sow-features-feature sow-icon-container-position-top\"\n\t\t\tstyle=\"display: flex; flex-direction: column; width: calc(33.333% - 25px);\"\n\t\t>\n\t\t\t\n\t\t\t\t\t\t<div\t\t\t\tclass=\"sow-icon-container sow-container-round\"\n\t\t\t\tstyle=\"color: #ee1d24; \"\n\t\t\t\t\n\t\t\t\t\t\t\t>\n\t\t\t\t\t\t\t<\/div>\n\n\t\t\t<div class=\"textwidget\">\n\t\t\t\t\n\t\t\t\t\t\t\t\t\t<h5 class=\"sow-features-feature-title\">\n\t\t\t\t\t\tPr\u00f3ximos Eventos\t\t\t\t\t<\/h5>\n\t\t\t\t\n\t\t\t\t\t\t\t\t\t<div class=\"sow-features-feature-text\">\n\t\t\t\t\tAmplias oportunidades de networking comercial tanto en Canad\u00e1 como en Cuba\t\t\t\t\t<\/div>\n\t\t\t\t\t\t\t\t<\/div>\n\t\t\t\t\t\t\t\t<\/li>\n\n\t\t\t<li\n\t\t\tclass=\"sow-features-feature sow-icon-container-position-top\"\n\t\t\tstyle=\"display: flex; flex-direction: column; width: calc(33.333% - 25px);\"\n\t\t>\n\t\t\t\n\t\t\t\t\t\t<div\t\t\t\tclass=\"sow-icon-container sow-container-round\"\n\t\t\t\tstyle=\"color: #ee1d24; \"\n\t\t\t\t\n\t\t\t\t\t\t\t>\n\t\t\t\t<span class=\"sow-icon-fontawesome sow-fas\" data-sow-icon=\"&#xf328;\"\n\t\tstyle=\"font-size: 24px; color: #FFFFFF\" \n\t\taria-hidden=\"true\"><\/span>\t\t\t<\/div>\n\n\t\t\t<div class=\"textwidget\">\n\t\t\t\t\n\t\t\t\t\t\t\t\t\t<h5 class=\"sow-features-feature-title\">\n\t\t\t\t\t\tInformaci\u00f3n \t\t\t\t\t<\/h5>\n\t\t\t\t\n\t\t\t\t\t\t\t\t\t<div class=\"sow-features-feature-text\">\n\t\t\t\t\tUn acceso privilegiado a informaci\u00f3n relevante para hacer avanzar sus proyectos \t\t\t\t\t<\/div>\n\t\t\t\t\t\t\t\t<\/div>\n\t\t\t\t\t\t\t\t<\/li>\n\n\t<\/ul>\n<\/div><\/div><\/div><\/div><\/div><div id=\"pg-20-3\"  class=\"panel-grid panel-has-style\" ><div class=\"panel-row-style panel-row-style-for-20-3\" ><div id=\"pgc-20-3-0\"  class=\"panel-grid-cell\" ><div id=\"panel-20-3-0-0\" class=\"so-panel widget widget_sow-slider panel-first-child panel-last-child\" data-index=\"7\" ><div class=\"panel-widget-style panel-widget-style-for-20-3-0-0\" ><div\n\t\t\t\n\t\t\tclass=\"so-widget-sow-slider so-widget-sow-slider-default-6d39609536fd-5683\"\n\t\t\t\n\t\t>\t\t\t\t<div class=\"sow-slider-base\" style=\"display: none\" tabindex=\"0\">\n\t\t\t\t\t<ul\n\t\t\t\t\tclass=\"sow-slider-images\"\n\t\t\t\t\tdata-settings=\"{&quot;pagination&quot;:true,&quot;speed&quot;:800,&quot;timeout&quot;:8000,&quot;paused&quot;:false,&quot;pause_on_hover&quot;:false,&quot;swipe&quot;:true,&quot;nav_always_show_desktop&quot;:&quot;&quot;,&quot;nav_always_show_mobile&quot;:&quot;&quot;,&quot;breakpoint&quot;:&quot;780px&quot;,&quot;unmute&quot;:false,&quot;anchor&quot;:null}\"\n\t\t\t\t\t\t\t\t\t\tdata-anchor-id=\"\"\n\t\t\t\t>\t\t<li class=\"sow-slider-image\" style=\"visibility: visible;;background-color: #ffffff\" >\n\t\t\t\t\t\t<div class=\"sow-slider-image-container\">\n\t\t\t\t<div class=\"sow-slider-image-wrapper\" style=\"max-width: 650px\">\n\t\t\t\t\t\t\t\t\t\t<div class=\"sow-slider-image-foreground-wrapper\">\n\t\t\t\t\t\t<img loading=\"lazy\" decoding=\"async\" width=\"650\" height=\"648\" src=\"https:\/\/i0.wp.com\/ccicubacanada.org\/wp-content\/uploads\/2016\/02\/home_slider_1-664x662.jpg?fit=650%2C648&amp;quality=89&amp;ssl=1\" class=\"sow-slider-foreground-image\" alt=\"\" style=\"\" srcset=\"https:\/\/i0.wp.com\/ccicubacanada.org\/wp-content\/uploads\/2016\/02\/home_slider_1-664x662.jpg?w=650&amp;quality=89&amp;ssl=1 650w, https:\/\/i0.wp.com\/ccicubacanada.org\/wp-content\/uploads\/2016\/02\/home_slider_1-664x662.jpg?resize=150%2C150&amp;quality=89&amp;ssl=1 150w, https:\/\/i0.wp.com\/ccicubacanada.org\/wp-content\/uploads\/2016\/02\/home_slider_1-664x662.jpg?resize=300%2C300&amp;quality=89&amp;ssl=1 300w, https:\/\/i0.wp.com\/ccicubacanada.org\/wp-content\/uploads\/2016\/02\/home_slider_1-664x662.jpg?resize=350%2C349&amp;quality=89&amp;ssl=1 350w, https:\/\/i0.wp.com\/ccicubacanada.org\/wp-content\/uploads\/2016\/02\/home_slider_1-664x662.jpg?resize=260%2C259&amp;quality=89&amp;ssl=1 260w, https:\/\/i0.wp.com\/ccicubacanada.org\/wp-content\/uploads\/2016\/02\/home_slider_1-664x662.jpg?resize=400%2C400&amp;quality=89&amp;ssl=1 400w, https:\/\/i0.wp.com\/ccicubacanada.org\/wp-content\/uploads\/2016\/02\/home_slider_1-664x662.jpg?resize=250%2C250&amp;quality=89&amp;ssl=1 250w, https:\/\/i0.wp.com\/ccicubacanada.org\/wp-content\/uploads\/2016\/02\/home_slider_1-664x662.jpg?resize=75%2C75&amp;quality=89&amp;ssl=1 75w\" sizes=\"auto, (max-width: 650px) 100vw, 650px\" data-attachment-id=\"295\" data-permalink=\"https:\/\/ccicubacanada.org\/es\/inicio\/home_slider_1-664x662\/\" data-orig-file=\"https:\/\/i0.wp.com\/ccicubacanada.org\/wp-content\/uploads\/2016\/02\/home_slider_1-664x662.jpg?fit=650%2C648&amp;quality=89&amp;ssl=1\" data-orig-size=\"650,648\" data-comments-opened=\"1\" data-image-meta=\"{&quot;aperture&quot;:&quot;0&quot;,&quot;credit&quot;:&quot;&quot;,&quot;camera&quot;:&quot;&quot;,&quot;caption&quot;:&quot;&quot;,&quot;created_timestamp&quot;:&quot;0&quot;,&quot;copyright&quot;:&quot;&quot;,&quot;focal_length&quot;:&quot;0&quot;,&quot;iso&quot;:&quot;0&quot;,&quot;shutter_speed&quot;:&quot;0&quot;,&quot;title&quot;:&quot;&quot;,&quot;orientation&quot;:&quot;0&quot;}\" data-image-title=\"home_slider_1-664&amp;#215;662\" data-image-description=\"\" data-image-caption=\"\" data-large-file=\"https:\/\/i0.wp.com\/ccicubacanada.org\/wp-content\/uploads\/2016\/02\/home_slider_1-664x662.jpg?fit=650%2C648&amp;quality=89&amp;ssl=1\" \/>\t\t\t\t\t<\/div>\n\t\t\t\t\t\t\t\t\t<\/div>\n\t\t\t<\/div>\n\t\t\t\t\t<\/li>\n\t\t\t\t<li class=\"sow-slider-image\" style=\"visibility: hidden;;background-color: #ffffff\" >\n\t\t\t\t\t\t<div class=\"sow-slider-image-container\">\n\t\t\t\t<div class=\"sow-slider-image-wrapper\" style=\"max-width: 650px\">\n\t\t\t\t\t\t\t\t\t\t<div class=\"sow-slider-image-foreground-wrapper\">\n\t\t\t\t\t\t<img loading=\"lazy\" decoding=\"async\" width=\"650\" height=\"648\" src=\"https:\/\/i0.wp.com\/ccicubacanada.org\/wp-content\/uploads\/2016\/02\/home_slider_2-664x662.jpg?fit=650%2C648&amp;quality=89&amp;ssl=1\" class=\"sow-slider-foreground-image\" alt=\"\" style=\"\" srcset=\"https:\/\/i0.wp.com\/ccicubacanada.org\/wp-content\/uploads\/2016\/02\/home_slider_2-664x662.jpg?w=650&amp;quality=89&amp;ssl=1 650w, https:\/\/i0.wp.com\/ccicubacanada.org\/wp-content\/uploads\/2016\/02\/home_slider_2-664x662.jpg?resize=150%2C150&amp;quality=89&amp;ssl=1 150w, https:\/\/i0.wp.com\/ccicubacanada.org\/wp-content\/uploads\/2016\/02\/home_slider_2-664x662.jpg?resize=300%2C300&amp;quality=89&amp;ssl=1 300w, https:\/\/i0.wp.com\/ccicubacanada.org\/wp-content\/uploads\/2016\/02\/home_slider_2-664x662.jpg?resize=350%2C349&amp;quality=89&amp;ssl=1 350w, https:\/\/i0.wp.com\/ccicubacanada.org\/wp-content\/uploads\/2016\/02\/home_slider_2-664x662.jpg?resize=260%2C259&amp;quality=89&amp;ssl=1 260w, https:\/\/i0.wp.com\/ccicubacanada.org\/wp-content\/uploads\/2016\/02\/home_slider_2-664x662.jpg?resize=400%2C400&amp;quality=89&amp;ssl=1 400w, https:\/\/i0.wp.com\/ccicubacanada.org\/wp-content\/uploads\/2016\/02\/home_slider_2-664x662.jpg?resize=250%2C250&amp;quality=89&amp;ssl=1 250w, https:\/\/i0.wp.com\/ccicubacanada.org\/wp-content\/uploads\/2016\/02\/home_slider_2-664x662.jpg?resize=75%2C75&amp;quality=89&amp;ssl=1 75w\" sizes=\"auto, (max-width: 650px) 100vw, 650px\" data-attachment-id=\"296\" data-permalink=\"https:\/\/ccicubacanada.org\/es\/inicio\/home_slider_2-664x662\/\" data-orig-file=\"https:\/\/i0.wp.com\/ccicubacanada.org\/wp-content\/uploads\/2016\/02\/home_slider_2-664x662.jpg?fit=650%2C648&amp;quality=89&amp;ssl=1\" data-orig-size=\"650,648\" data-comments-opened=\"1\" data-image-meta=\"{&quot;aperture&quot;:&quot;0&quot;,&quot;credit&quot;:&quot;&quot;,&quot;camera&quot;:&quot;&quot;,&quot;caption&quot;:&quot;&quot;,&quot;created_timestamp&quot;:&quot;0&quot;,&quot;copyright&quot;:&quot;&quot;,&quot;focal_length&quot;:&quot;0&quot;,&quot;iso&quot;:&quot;0&quot;,&quot;shutter_speed&quot;:&quot;0&quot;,&quot;title&quot;:&quot;&quot;,&quot;orientation&quot;:&quot;0&quot;}\" data-image-title=\"home_slider_2-664&amp;#215;662\" data-image-description=\"\" data-image-caption=\"\" data-large-file=\"https:\/\/i0.wp.com\/ccicubacanada.org\/wp-content\/uploads\/2016\/02\/home_slider_2-664x662.jpg?fit=650%2C648&amp;quality=89&amp;ssl=1\" \/>\t\t\t\t\t<\/div>\n\t\t\t\t\t\t\t\t\t<\/div>\n\t\t\t<\/div>\n\t\t\t\t\t<\/li>\n\t\t<\/ul>\t\t\t\t<ol class=\"sow-slider-pagination\">\n\t\t\t\t\t\t\t\t\t\t\t<li><a href=\"#\" data-goto=\"0\" aria-label=\"mostrar diapositiva 1\"><\/a><\/li>\n\t\t\t\t\t\t\t\t\t\t\t<li><a href=\"#\" data-goto=\"1\" aria-label=\"mostrar diapositiva 2\"><\/a><\/li>\n\t\t\t\t\t\t\t\t\t<\/ol>\n\n\t\t\t\t<div class=\"sow-slide-nav sow-slide-nav-next\">\n\t\t\t\t\t<a href=\"#\" data-goto=\"next\" aria-label=\"diapositiva siguiente\" data-action=\"next\">\n\t\t\t\t\t\t<em class=\"sow-sld-icon-thin-right\"><\/em>\n\t\t\t\t\t<\/a>\n\t\t\t\t<\/div>\n\n\t\t\t\t<div class=\"sow-slide-nav sow-slide-nav-prev\">\n\t\t\t\t\t<a href=\"#\" data-goto=\"previous\" aria-label=\"diapositiva anterior\" data-action=\"prev\">\n\t\t\t\t\t\t<em class=\"sow-sld-icon-thin-left\"><\/em>\n\t\t\t\t\t<\/a>\n\t\t\t\t<\/div>\n\t\t\t\t<\/div><\/div><\/div><\/div><\/div><div id=\"pgc-20-3-1\"  class=\"panel-grid-cell\" ><div id=\"panel-20-3-1-0\" class=\"so-panel widget widget_sow-editor panel-first-child\" data-index=\"8\" ><div\n\t\t\t\n\t\t\tclass=\"so-widget-sow-editor so-widget-sow-editor-base\"\n\t\t\t\n\t\t>\n<div class=\"siteorigin-widget-tinymce textwidget\">\n\t<h3>\u00a0<\/h3>\n<h3><span style=\"font-weight: 400;\">\u00bf<\/span>Por qu\u00e9 la CCICC?<\/h3>\n<p>La CCICC tiene como objetivo primordial facilitar el desarrollo de un clima de reconocimiento y confianza mutuos entre las comunidades de negocios en Cuba y en Canad\u00e1 para hacer fructificar las relaciones comerciales entre ambos pa\u00edses.<\/p>\n<\/div>\n<\/div><\/div><div id=\"panel-20-3-1-1\" class=\"so-panel widget widget_sow-button panel-last-child\" data-index=\"9\" ><div\n\t\t\t\n\t\t\tclass=\"so-widget-sow-button so-widget-sow-button-atom-3cd3f58ba88b-5683\"\n\t\t\t\n\t\t><div class=\"ow-button-base ow-button-align-center\"\n>\n\t\t\t<a\n\t\t\t\t\thref=\"https:\/\/ccicubacanada.org\/es\/contactenos\/\"\n\t\t\t\t\tclass=\"sowb-button ow-icon-placement-left ow-button-hover\" \t>\n\t\t<span>\n\t\t\t\n\t\t\tCont\u00e1ctenos\t\t<\/span>\n\t\t\t<\/a>\n\t<\/div>\n<\/div><\/div><\/div><\/div><\/div><div id=\"pg-20-4\"  class=\"panel-grid panel-no-style\" ><div id=\"pgc-20-4-0\"  class=\"panel-grid-cell panel-grid-cell-empty\" ><\/div><\/div><\/div>","protected":false},"excerpt":{"rendered":"<p>La CCICC cuenta entre sus miembros con una red diversa de empresarios multiling\u00fces provenientes de m\u00faltiples sectores de la econom\u00eda tales como la industria, la agricultura, el transporte, el turismo, la construcci\u00f3n, las comunicaciones, la tecnolog\u00eda, el comercio, la educaci\u00f3n, las investigaciones y el medio ambiente interesados en fomentar las discusiones de negocios y en [&hellip;]<\/p>\n","protected":false},"author":1,"featured_media":0,"parent":0,"menu_order":0,"comment_status":"closed","ping_status":"closed","template":"","meta":{"_themeisle_gutenberg_block_has_review":false,"footnotes":""},"class_list":["post-20","page","type-page","status-publish","hentry"],"jetpack-related-posts":[{"id":16,"url":"https:\/\/ccicubacanada.org\/en\/home\/","url_meta":{"origin":20,"position":0},"title":"Home","author":"Cyril Arnaud","date":"febrero 16, 2016","format":false,"excerpt":"The CCICC comprises a supportive and diverse network of entrepreneurs. Multilingual entrepreneurs from a wide range of economic sectors such as industry, agriculture, transport, tourism, construction, communications, technology, trade, education, research and the environment unite to discuss business affairs and collaborate on shared interests. Our\u00a0members are Cuban Canadians with intercultural\u2026","rel":"","context":"Entrada similar","block_context":{"text":"Entrada similar","link":""},"img":{"alt_text":"","src":"","width":0,"height":0},"classes":[]},{"id":13,"url":"https:\/\/ccicubacanada.org\/accueil\/","url_meta":{"origin":20,"position":1},"title":"Accueil","author":"Cyril Arnaud","date":"febrero 16, 2016","format":false,"excerpt":"Pourquoi la CCICC ? La CCICC s\u2019est donn\u00e9 comme premier objectif de faciliter le d\u00e9veloppement d\u2019un climat de reconnaissance mutuelle et de confiance entre les communaut\u00e9s entrepreneuriales canadienne et cubaine, afin de faire fructifier le potentiel incroyable de partenariat et des relations commerciales\u00a0 entre les deux\u00a0 pays. Rejoignez nos membres\u2026","rel":"","context":"Entrada similar","block_context":{"text":"Entrada similar","link":""},"img":{"alt_text":"","src":"","width":0,"height":0},"classes":[]},{"id":1166,"url":"https:\/\/ccicubacanada.org\/direction-et-comites\/comite-solidarite-de-la-ccicc\/","url_meta":{"origin":20,"position":2},"title":"Comit\u00e9 Solidarit\u00e9 de la CCICC","author":"Cyril Arnaud","date":"diciembre 2, 2019","format":false,"excerpt":"Dans le cadre de ses actions visant \u00e0 promouvoir les liens de collaboration entre le Canada et Cuba, le Comit\u00e9 Solidarit\u00e9 de la CCICC rassemble les efforts de ses membres et de toute entit\u00e9 int\u00e9ress\u00e9e par le principe de la solidarit\u00e9 internationale. Par des activit\u00e9s d\u2019information, des interventions de partenariat\u2026","rel":"","context":"Entrada similar","block_context":{"text":"Entrada similar","link":""},"img":{"alt_text":"","src":"https:\/\/i0.wp.com\/ccicubacanada.org\/wp-content\/uploads\/2016\/10\/solidaritecuba.jpg?fit=397%2C298&quality=89&ssl=1&resize=350%2C200","width":350,"height":200},"classes":[]},{"id":5277,"url":"https:\/\/ccicubacanada.org\/es\/direccion-y-comites\/comite-de-solidaridad-de-la-ccicc\/","url_meta":{"origin":20,"position":3},"title":"Comit\u00e9 de Solidaridad de la CCICC","author":"Cyril Arnaud","date":"diciembre 2, 2019","format":false,"excerpt":"Como parte de sus acciones por promover los v\u00ednculos de cooperaci\u00f3n entre Canad\u00e1 y Cuba, el Comit\u00e9 de Solidaridad de la CCICC re\u00fane los esfuerzos de sus miembros y de cualquier entidad interesada en el principio de la solidaridad internacional. A trav\u00e9s de actividades de informaci\u00f3n, alianzas e intervenciones de\u2026","rel":"","context":"Entrada similar","block_context":{"text":"Entrada similar","link":""},"img":{"alt_text":"","src":"https:\/\/i0.wp.com\/ccicubacanada.org\/wp-content\/uploads\/2016\/10\/solidaritecuba.jpg?fit=397%2C298&quality=89&ssl=1&resize=350%2C200","width":350,"height":200},"classes":[]},{"id":5276,"url":"https:\/\/ccicubacanada.org\/en\/management-and-committees\/ccicc-solidarity-committee\/","url_meta":{"origin":20,"position":4},"title":"CCICC Solidarity Committee","author":"Cyril Arnaud","date":"diciembre 2, 2019","format":false,"excerpt":"As part of its efforts to promote ties of cooperation between Canada and Cuba, the CCICC Solidarity Committee brings together the efforts of its members and of any entity interested in the principle of international solidarity. Through information activities, partnership and cooperation interventions, the CCICC Solidarity Committee supports the solidarity\u2026","rel":"","context":"Entrada similar","block_context":{"text":"Entrada similar","link":""},"img":{"alt_text":"","src":"https:\/\/i0.wp.com\/ccicubacanada.org\/wp-content\/uploads\/2016\/10\/solidaritecuba.jpg?fit=397%2C298&quality=89&ssl=1&resize=350%2C200","width":350,"height":200},"classes":[]},{"id":171,"url":"https:\/\/ccicubacanada.org\/es\/contactenos\/","url_meta":{"origin":20,"position":5},"title":"Cont\u00e1ctenos","author":"Cyril Arnaud","date":"febrero 18, 2016","format":false,"excerpt":"","rel":"","context":"Entrada similar","block_context":{"text":"Entrada similar","link":""},"img":{"alt_text":"","src":"","width":0,"height":0},"classes":[]}],"jetpack_sharing_enabled":false,"jetpack_shortlink":"https:\/\/wp.me\/P7fkeW-k","_links":{"self":[{"href":"https:\/\/ccicubacanada.org\/es\/wp-json\/wp\/v2\/pages\/20","targetHints":{"allow":["GET"]}}],"collection":[{"href":"https:\/\/ccicubacanada.org\/es\/wp-json\/wp\/v2\/pages"}],"about":[{"href":"https:\/\/ccicubacanada.org\/es\/wp-json\/wp\/v2\/types\/page"}],"author":[{"embeddable":true,"href":"https:\/\/ccicubacanada.org\/es\/wp-json\/wp\/v2\/users\/1"}],"replies":[{"embeddable":true,"href":"https:\/\/ccicubacanada.org\/es\/wp-json\/wp\/v2\/comments?post=20"}],"version-history":[{"count":2,"href":"https:\/\/ccicubacanada.org\/es\/wp-json\/wp\/v2\/pages\/20\/revisions"}],"predecessor-version":[{"id":7701,"href":"https:\/\/ccicubacanada.org\/es\/wp-json\/wp\/v2\/pages\/20\/revisions\/7701"}],"wp:attachment":[{"href":"https:\/\/ccicubacanada.org\/es\/wp-json\/wp\/v2\/media?parent=20"}],"curies":[{"name":"wp","href":"https:\/\/api.w.org\/{rel}","templated":true}]}}